{"id":23720,"date":"2025-07-17T15:09:37","date_gmt":"2025-07-17T15:09:37","guid":{"rendered":"https:\/\/latinpcs.org\/?post_type=resource&#038;p=23720"},"modified":"2026-04-13T18:30:41","modified_gmt":"2026-04-13T18:30:41","slug":"valediction","status":"publish","type":"resource","link":"https:\/\/latinpcs.org\/fr\/resources\/2025\/07\/valediction\/","title":{"rendered":"Adieu"},"content":{"rendered":"<p  class=\"appear-on-scroll is-style-intro\" >La c\u00e9r\u00e9monie de remise des dipl\u00f4mes marque la fin de l&#039;ann\u00e9e scolaire et les adieux aux professeurs qui quittent l&#039;\u00e9tablissement. Ces c\u00e9l\u00e9brations sont importantes \u00e0 Washington Latin\u00a0: elles rassemblent les membres de la communaut\u00e9 pour clore l&#039;ann\u00e9e scolaire et dire au revoir aux enseignants partant.\u00a0<\/p>\n\n<h3  class=\"appear-on-scroll wp-block-heading\" ><span class=\"text\">Nota bene!<\/span><\/h3>\n\n<p class=\"appear-on-scroll\">Les informations contenues dans ce document explicatif sont d&#039;ordre g\u00e9n\u00e9ral et visent \u00e0 vous aider \u00e0 comprendre les traditions de la c\u00e9r\u00e9monie de remise des dipl\u00f4mes de Washington Latin. Veuillez consulter les annonces concernant les d\u00e9tails sp\u00e9cifiques de cette ann\u00e9e\u00a0!<\/p>\n\n<h2  class=\"appear-on-scroll wp-block-heading\" ><span class=\"text\">Qu&#039;est-ce que la c\u00e9r\u00e9monie d&#039;adieu\u00a0?<\/span><\/h2>\n\n<p class=\"appear-on-scroll\">Les c\u00e9r\u00e9monies de fin d&#039;ann\u00e9e ressemblent \u00e0 nos assembl\u00e9es de Washington Latin, mais avec une signification encore plus profonde. Elles comprennent de la musique, des discours, des lectures, la remise de prix aux \u00e9l\u00e8ves et les adieux des \u00e9l\u00e8ves aux professeurs qui quitteront l&#039;\u00e9tablissement \u00e0 la fin de l&#039;ann\u00e9e scolaire. En g\u00e9n\u00e9ral, seuls les \u00e9l\u00e8ves et les professeurs y assistent (notamment en raison du manque de place). Pour les \u00e9l\u00e8ves qui re\u00e7oivent un prix, nous informons leurs familles afin qu&#039;elles puissent y assister.<\/p>\n\n<h3  class=\"appear-on-scroll wp-block-heading\" ><span class=\"text\">O\u00f9<\/span><\/h3>\n\n<p class=\"appear-on-scroll\">Les c\u00e9r\u00e9monies de remise des dipl\u00f4mes ont lieu sur chaque campus dans le MPR (2e rue) ou dans l&#039;espace du th\u00e9\u00e2tre (Cooper). <\/p>\n\n<h3  class=\"appear-on-scroll wp-block-heading\" ><span class=\"text\">Porter<\/span><\/h3>\n\n<p class=\"appear-on-scroll\">Les \u00e9l\u00e8ves portent g\u00e9n\u00e9ralement l&#039;uniforme pour la c\u00e9r\u00e9monie de remise des dipl\u00f4mes, sauf ceux qui passent en classe sup\u00e9rieure (8e et Terminale). Les \u00e9l\u00e8ves de ces classes sont encourag\u00e9s \u00e0 soigner leur apparence et \u00e0 s&#039;habiller un peu \u00e9l\u00e9gamment.<\/p>\n\n<h3  class=\"appear-on-scroll wp-block-heading\" ><span class=\"text\">Quand<\/span><\/h3>\n\n<p class=\"appear-on-scroll\">Les c\u00e9r\u00e9monies de remise des dipl\u00f4mes ont g\u00e9n\u00e9ralement lieu le jeudi et le vendredi pr\u00e9c\u00e9dant la remise des dipl\u00f4mes (qui a traditionnellement lieu le lundi de la troisi\u00e8me semaine de juin). <\/p>\n\n<h4  class=\"appear-on-scroll wp-block-heading\" ><span class=\"text\">R\u00e9compenses<\/span><\/h4>\n\n<p class=\"appear-on-scroll\">Plusieurs prix peuvent r\u00e9compenser les \u00e9tudiants pour leurs excellents r\u00e9sultats scolaires, artistiques et sportifs, ainsi que pour leur engagement citoyen et communautaire. Les \u00e9tudiants sont propos\u00e9s par le corps professoral et l&#039;\u00e9quipe du campus d\u00e9termine ensuite les deux laur\u00e9ats de chaque prix. <\/p>\n\n<div id=\"read-more-about-awards\" class=\"wp-block-theme-blocks-expandable appear-on-scroll theme-block has-layout-center expand\"><div role=\"button\" tabindex=\"0\" class=\"block-question appear-on-scroll heading h4\">En savoir plus sur les r\u00e9compenses<\/div><div class=\"block-answer\" style=\"display:none;\">\n<ul  class=\"appear-on-scroll wp-block-list\" >\n<li><strong>Prix de l&#039;athl\u00e8te-\u00e9tudiant<\/strong> Ce prix est remis chaque ann\u00e9e \u00e0 deux athl\u00e8tes dipl\u00f4m\u00e9s qui incarnent v\u00e9ritablement l&#039;excellence de l&#039;\u00e9tudiant-athl\u00e8te \u00e0 Latin. Ces athl\u00e8tes doivent avoir une moyenne cumulative d&#039;au moins 3,0, avoir \u00e9t\u00e9 s\u00e9lectionn\u00e9s dans au moins deux sports durant leur derni\u00e8re ann\u00e9e et avoir fait preuve de qualit\u00e9s de leadership exemplaires.<\/li>\n\n\n\n<li><strong>Prix artistique<\/strong> c\u00e9l\u00e8bre les \u00e9tudiants dont le talent, le d\u00e9vouement et la cr\u00e9ativit\u00e9 leur ont permis d&#039;atteindre l&#039;excellence dans leurs activit\u00e9s artistiques.\u00a0<\/li>\n\n\n\n<li><strong>Prix de l&#039;\u00e9l\u00e8ve ayant le plus progress\u00e9<\/strong> Ce prix est d\u00e9cern\u00e9 aux \u00e9l\u00e8ves qui ont d\u00e9montr\u00e9 la plus grande am\u00e9lioration globale de leurs comp\u00e9tences et de leurs r\u00e9sultats scolaires au cours de l&#039;ann\u00e9e scolaire.<\/li>\n\n\n\n<li><strong>Prix Civitas ou Prix de la Citoyennet\u00e9<\/strong> Elle est d\u00e9cern\u00e9e aux \u00e9l\u00e8ves dont le comportement et la collaboration avec leurs pairs constituent un mod\u00e8le pour notre communaut\u00e9.<\/li>\n\n\n\n<li><strong>Prix d&#039;excellence acad\u00e9mique<\/strong> Elle est attribu\u00e9e aux \u00e9l\u00e8ves qui incarnent le mieux la vision de l&#039;\u00e9cole, celle d&#039;un \u00e9l\u00e8ve d\u00e9sireux d&#039;apprendre et pr\u00eat \u00e0 travailler, et qui, par pur plaisir d&#039;apprendre, a constamment fait preuve de curiosit\u00e9 et de capacit\u00e9s intellectuelles.<\/li>\n\n\n\n<li><strong>Le <em>Sumus Leones <\/em>Prix<\/strong> Ce prix r\u00e9compense les \u00e9l\u00e8ves dont les m\u00e9rites s&#039;\u00e9tendent \u00e0 de multiples domaines de la vie scolaire et communautaire. Les laur\u00e9ats ont \u00e9tabli de nouveaux standards d&#039;excellence au sein de notre communaut\u00e9 scolaire et servent de mod\u00e8le \u00e0 leurs camarades et aux futurs \u00e9l\u00e8ves. Ils incarnent pleinement les valeurs que Washington Latin s&#039;efforce d&#039;inculquer \u00e0 ses \u00e9l\u00e8ves.<\/li>\n\n\n\n<li><strong>Prix du service <\/strong>Ces personnes \u00e2g\u00e9es ont largement d\u00e9pass\u00e9 les 100 heures de service communautaire requises. Gr\u00e2ce \u00e0 leur d\u00e9vouement et \u00e0 leur altruisme, elles ont apport\u00e9 leur aide \u00e0 l&#039;ensemble de la communaut\u00e9 de Washington DC et, plus particuli\u00e8rement, \u00e0 notre propre communaut\u00e9 latino-am\u00e9ricaine.<\/li>\n<\/ul>\n<\/div><\/div>\n\n<h2  class=\"appear-on-scroll wp-block-heading\" ><span class=\"text\">C\u00e9r\u00e9monie d&#039;adieu \u00e0 Cooper<\/span><\/h2>\n\n<h3  class=\"appear-on-scroll wp-block-heading\" ><span class=\"text\">C\u00e9r\u00e9monie de remise des dipl\u00f4mes pour les \u00e9l\u00e8ves de la 5e \u00e0 la 7e ann\u00e9e<\/span><\/h3>\n\n<p class=\"appear-on-scroll\">La c\u00e9r\u00e9monie de remise des dipl\u00f4mes des \u00e9l\u00e8ves de la 5e \u00e0 la 7e ann\u00e9e aura lieu en premier, \u00e0 partir de 8h30. Les \u00e9l\u00e8ves doivent porter l&#039;uniforme et seront lib\u00e9r\u00e9s \u00e0 10h00 apr\u00e8s la c\u00e9r\u00e9monie pour commencer les vacances d&#039;\u00e9t\u00e9 !\u00a0<\/p>\n\n<p class=\"appear-on-scroll\">Veuillez noter que nous offrons aux \u00e9l\u00e8ves de Cooper ayant un fr\u00e8re ou une s\u0153ur en 8e ann\u00e9e la possibilit\u00e9 de suivre la c\u00e9r\u00e9monie en direct sur le campus. Ils pourront ensuite rejoindre leur famille pour la r\u00e9ception des \u00e9l\u00e8ves de 8e ann\u00e9e. Cette possibilit\u00e9 pourrait \u00e9galement \u00eatre offerte aux \u00e9l\u00e8ves de 7e ann\u00e9e, sous r\u00e9serve de places disponibles. Dans ce cas, les \u00e9l\u00e8ves de 7e ann\u00e9e devront s&#039;inscrire et quitter les lieux apr\u00e8s la fin de la c\u00e9r\u00e9monie de remise des dipl\u00f4mes (vers 23h30). Plus d&#039;informations concernant la diffusion en direct de la c\u00e9r\u00e9monie de cette ann\u00e9e seront communiqu\u00e9es en mai.<\/p>\n\n<h3  class=\"appear-on-scroll wp-block-heading\" ><span class=\"text\">C\u00e9r\u00e9monie de remise des dipl\u00f4mes des \u00e9l\u00e8ves de 8e ann\u00e9e<\/span><\/h3>\n\n<p class=\"appear-on-scroll\">\u00c0 Cooper comme \u00e0 2nd Street, nos \u00e9l\u00e8ves de 3e sont honor\u00e9s pour leur passage du coll\u00e8ge au lyc\u00e9e. La c\u00e9r\u00e9monie est donc un peu plus longue car chaque \u00e9l\u00e8ve est invit\u00e9 sur sc\u00e8ne \u00e0 recevoir un certificat et \u00e0 serrer la main de son professeur principal et du proviseur.<\/p>\n\n<p class=\"appear-on-scroll\">Autre diff\u00e9rence pour les \u00e9l\u00e8ves de 4e\u00a0: nous invitons leurs parents ou tuteurs \u00e0 se joindre \u00e0 nous. Faute de place, le nombre de participants est g\u00e9n\u00e9ralement limit\u00e9 (par exemple, deux membres de la famille par \u00e9l\u00e8ve). Les \u00e9l\u00e8ves arrivent \u00e0 l\u2019heure (g\u00e9n\u00e9ralement \u00e0 10\u00a0h) et n\u2019ont pas besoin de porter l\u2019uniforme\u00a0; une tenue d\u00e9contract\u00e9e est la bienvenue\u00a0! <\/p>\n\n<p class=\"appear-on-scroll\">L&#039;association des parents d&#039;\u00e9l\u00e8ves offrira une r\u00e9ception aux \u00e9l\u00e8ves de 3e et \u00e0 leurs invit\u00e9s imm\u00e9diatement apr\u00e8s la c\u00e9r\u00e9monie de remise des dipl\u00f4mes. Des rafra\u00eechissements seront servis.<\/p>\n\n<h3  class=\"appear-on-scroll wp-block-heading\" ><span class=\"text\">C\u00e9r\u00e9monie de remise des dipl\u00f4mes des \u00e9l\u00e8ves du secondaire<\/span><\/h3>\n\n<p class=\"appear-on-scroll\">En tant que jeune \u00e9tablissement, nous mettons en place nos traditions pour la c\u00e9r\u00e9monie de remise des dipl\u00f4mes de nos \u00e9l\u00e8ves de terminale. D\u00e8s que nous aurons finalis\u00e9 les pr\u00e9paratifs pour cette ann\u00e9e, nous partagerons ces informations avec les familles. Restez connect\u00e9s\u00a0!<\/p>\n\n<h2  class=\"appear-on-scroll wp-block-heading\" ><span class=\"text\">C\u00e9r\u00e9monie d&#039;adieu \u00e0 la 2e rue<\/span><\/h2>\n\n<p class=\"appear-on-scroll\">Nous avons instaur\u00e9 la tradition d&#039;organiser trois c\u00e9r\u00e9monies de remise de dipl\u00f4mes \u00e0 l&#039;\u00e9cole de la 2e Rue\u00a0: une pour les \u00e9l\u00e8ves de 5e et 6e, une pour ceux de 7e et 8e, et une pour tous les \u00e9l\u00e8ves du lyc\u00e9e. Vous trouverez ci-dessous une description g\u00e9n\u00e9rale de chaque c\u00e9r\u00e9monie.<\/p>\n\n<h3  class=\"appear-on-scroll wp-block-heading\" ><span class=\"text\">Remise des dipl\u00f4mes pour les \u00e9l\u00e8ves du coll\u00e8ge<\/span><\/h3>\n\n<p class=\"appear-on-scroll\">Les c\u00e9r\u00e9monies de remise des dipl\u00f4mes du coll\u00e8ge de la 2e Rue ont lieu le jeudi pr\u00e9c\u00e9dant la remise des dipl\u00f4mes du lundi. Tous les \u00e9l\u00e8ves de la 5e \u00e0 la 7e ann\u00e9e se pr\u00e9sentent \u00e0 l&#039;\u00e9cole \u00e0 l&#039;heure habituelle pour leur c\u00e9r\u00e9monie. Le port de l&#039;uniforme est obligatoire. Voici les horaires g\u00e9n\u00e9raux de ces c\u00e9r\u00e9monies\u00a0:<\/p>\n\n<ul  class=\"appear-on-scroll wp-block-list\" >\n<li>La c\u00e9r\u00e9monie de remise des dipl\u00f4mes des \u00e9l\u00e8ves de 5e et 6e ann\u00e9e commence g\u00e9n\u00e9ralement \u00e0 8h30.<\/li>\n\n\n\n<li>La c\u00e9r\u00e9monie de remise des dipl\u00f4mes des \u00e9l\u00e8ves de 7e et 8e ann\u00e9e a g\u00e9n\u00e9ralement lieu \u00e0 partir de 10h30.<\/li>\n\n\n\n<li>Lorsqu&#039;ils ne sont pas \u00e0 leur c\u00e9r\u00e9monie de remise des dipl\u00f4mes, les \u00e9l\u00e8ves sont dans leurs salles de tutorat \u00e0 vider leurs casiers (et \u00e0 passer un bon moment).<\/li>\n<\/ul>\n\n<h4  class=\"appear-on-scroll wp-block-heading\" ><span class=\"text\">\u00c9l\u00e8ves de 8e ann\u00e9e et remise des dipl\u00f4mes<\/span><\/h4>\n\n<p class=\"appear-on-scroll\">La c\u00e9r\u00e9monie de remise des dipl\u00f4mes marque le passage de nos \u00e9l\u00e8ves de 3e au lyc\u00e9e. \u00c0 la fin de la c\u00e9r\u00e9monie, chaque classe de 3e est appel\u00e9e sur sc\u00e8ne. Chaque \u00e9l\u00e8ve re\u00e7oit un certificat et serre la main de son professeur principal, du principal et du directeur du coll\u00e8ge. Nous invitons jusqu&#039;\u00e0 deux adultes par \u00e9l\u00e8ve de 3e \u00e0 assister \u00e0 la c\u00e9r\u00e9monie et \u00e0 rester pour la r\u00e9ception organis\u00e9e par l&#039;Association des parents d&#039;\u00e9l\u00e8ves (APE) qui suit imm\u00e9diatement. Une collation est offerte. La r\u00e9ception se termine g\u00e9n\u00e9ralement vers midi et se prolonge jusqu&#039;\u00e0 environ 13h.<\/p>\n\n<h3  class=\"appear-on-scroll wp-block-heading\" ><span class=\"text\">Remise des dipl\u00f4mes du cycle sup\u00e9rieur<\/span><\/h3>\n\n<p class=\"appear-on-scroll\">La c\u00e9r\u00e9monie de remise des dipl\u00f4mes du lyc\u00e9e est ouverte \u00e0 tous les \u00e9l\u00e8ves. Elle se d\u00e9roule g\u00e9n\u00e9ralement le vendredi pr\u00e9c\u00e9dant la remise des dipl\u00f4mes, de 10h \u00e0 12h. La pr\u00e9sence est obligatoire pour tous les \u00e9l\u00e8ves de terminale et fortement recommand\u00e9e pour les \u00e9l\u00e8ves de la seconde \u00e0 la premi\u00e8re. En raison du nombre de places limit\u00e9, les familles ne pourront y assister que sur invitation d&#039;un membre de l&#039;administration. Imm\u00e9diatement apr\u00e8s la c\u00e9r\u00e9monie, un d\u00e9jeuner est organis\u00e9 sur le campus pour les \u00e9l\u00e8ves de terminale et les professeurs, suivi d&#039;une r\u00e9p\u00e9tition obligatoire de la c\u00e9r\u00e9monie de remise des dipl\u00f4mes \u00e0 l&#039;Universit\u00e9 du District de Columbia (UDC). Le transport est assur\u00e9, mais les \u00e9l\u00e8ves sont libres de quitter l&#039;UDC sans revenir sur le campus.<\/p>","protected":false},"excerpt":{"rendered":"<p>La val\u00e9diction signifie dire adieu. Ces c\u00e9l\u00e9brations rassemblent la communaut\u00e9 latine pour cl\u00f4turer l&#039;ann\u00e9e scolaire.<\/p>","protected":false},"featured_media":0,"template":"","meta":{"featured_image_background_position":"","enclosure":"","video":"","promoted":false,"priority":"","footnotes":""},"categories":[],"campus":[22],"resource-category":[16],"class_list":["post-23720","resource","type-resource","status-publish","hentry","campus-latin-wide","resource-category-latin-explainer"],"yoast_head":"<!-- This site is optimized with the Yoast SEO plugin v25.6 - https:\/\/yoast.com\/wordpress\/plugins\/seo\/ -->\n<title>Valediction - Washington Latin Public Charter Schools<\/title>\n<meta name=\"robots\" content=\"index, follow, max-snippet:-1, max-image-preview:large, max-video-preview:-1\" \/>\n<link rel=\"canonical\" href=\"https:\/\/latinpcs.org\/fr\/resources\/2025\/07\/valediction\/\" \/>\n<meta property=\"og:locale\" content=\"fr_FR\" \/>\n<meta property=\"og:type\" content=\"article\" \/>\n<meta property=\"og:title\" content=\"Valediction - Washington Latin Public Charter Schools\" \/>\n<meta property=\"og:description\" content=\"Valediction means to say farewell. These celebrations bring together the Latin community to close the school year.\" \/>\n<meta property=\"og:url\" content=\"https:\/\/latinpcs.org\/fr\/resources\/2025\/07\/valediction\/\" \/>\n<meta property=\"og:site_name\" content=\"Washington Latin Public Charter Schools\" \/>\n<meta property=\"article:publisher\" content=\"https:\/\/www.facebook.com\/WashingtonLatinPCS\/\" \/>\n<meta property=\"article:modified_time\" content=\"2026-04-13T18:30:41+00:00\" \/>\n<meta property=\"og:image\" content=\"https:\/\/latinpcs.org\/wp-content\/uploads\/2025\/07\/latin-default-social-image.jpg\" \/>\n\t<meta property=\"og:image:width\" content=\"2000\" \/>\n\t<meta property=\"og:image:height\" content=\"1333\" \/>\n\t<meta property=\"og:image:type\" content=\"image\/jpeg\" \/>\n<meta name=\"twitter:card\" content=\"summary_large_image\" \/>\n<meta name=\"twitter:label1\" content=\"Est. reading time\" \/>\n\t<meta name=\"twitter:data1\" content=\"5 minutes\" \/>\n<script type=\"application\/ld+json\" class=\"yoast-schema-graph\">{\"@context\":\"https:\/\/schema.org\",\"@graph\":[{\"@type\":\"WebPage\",\"@id\":\"https:\/\/latinpcs.org\/resources\/2025\/07\/valediction\/\",\"url\":\"https:\/\/latinpcs.org\/resources\/2025\/07\/valediction\/\",\"name\":\"Valediction - Washington Latin Public Charter Schools\",\"isPartOf\":{\"@id\":\"https:\/\/latinpcs.org\/#website\"},\"datePublished\":\"2025-07-17T15:09:37+00:00\",\"dateModified\":\"2026-04-13T18:30:41+00:00\",\"breadcrumb\":{\"@id\":\"https:\/\/latinpcs.org\/resources\/2025\/07\/valediction\/#breadcrumb\"},\"inLanguage\":\"fr-FR\",\"potentialAction\":[{\"@type\":\"ReadAction\",\"target\":[\"https:\/\/latinpcs.org\/resources\/2025\/07\/valediction\/\"]}]},{\"@type\":\"BreadcrumbList\",\"@id\":\"https:\/\/latinpcs.org\/resources\/2025\/07\/valediction\/#breadcrumb\",\"itemListElement\":[{\"@type\":\"ListItem\",\"position\":1,\"name\":\"Home\",\"item\":\"https:\/\/latinpcs.org\/\"},{\"@type\":\"ListItem\",\"position\":2,\"name\":\"Resources\",\"item\":\"https:\/\/latinpcs.org\/resources\/\"},{\"@type\":\"ListItem\",\"position\":3,\"name\":\"Valediction\"}]},{\"@type\":\"WebSite\",\"@id\":\"https:\/\/latinpcs.org\/#website\",\"url\":\"https:\/\/latinpcs.org\/\",\"name\":\"Washington Latin Public Charter Schools\",\"description\":\"Washington Latin Public Charter Schools, based in Washington, DC, offers a classical education for the modern world for students in grades 5-12 across two campuses.\",\"publisher\":{\"@id\":\"https:\/\/latinpcs.org\/#organization\"},\"potentialAction\":[{\"@type\":\"SearchAction\",\"target\":{\"@type\":\"EntryPoint\",\"urlTemplate\":\"https:\/\/latinpcs.org\/?s={search_term_string}\"},\"query-input\":{\"@type\":\"PropertyValueSpecification\",\"valueRequired\":true,\"valueName\":\"search_term_string\"}}],\"inLanguage\":\"fr-FR\"},{\"@type\":\"Organization\",\"@id\":\"https:\/\/latinpcs.org\/#organization\",\"name\":\"Washington Latin Public Charter Schools\",\"url\":\"https:\/\/latinpcs.org\/\",\"logo\":{\"@type\":\"ImageObject\",\"inLanguage\":\"fr-FR\",\"@id\":\"https:\/\/latinpcs.org\/#\/schema\/logo\/image\/\",\"url\":\"https:\/\/latinpcs.org\/wp-content\/uploads\/2025\/07\/Latin_logo_nknm_4c.svg\",\"contentUrl\":\"https:\/\/latinpcs.org\/wp-content\/uploads\/2025\/07\/Latin_logo_nknm_4c.svg\",\"width\":1,\"height\":1,\"caption\":\"Washington Latin Public Charter Schools\"},\"image\":{\"@id\":\"https:\/\/latinpcs.org\/#\/schema\/logo\/image\/\"},\"sameAs\":[\"https:\/\/www.facebook.com\/WashingtonLatinPCS\/\",\"https:\/\/www.instagram.com\/washingtonlatinpcs\/?hl=en\",\"https:\/\/www.linkedin.com\/school\/washington-latin-public-charter-schools\/\"]}]}<\/script>\n<!-- \/ Yoast SEO plugin. -->","yoast_head_json":{"title":"Adieu - Washington Latin Public Charter Schools","robots":{"index":"index","follow":"follow","max-snippet":"max-snippet:-1","max-image-preview":"max-image-preview:large","max-video-preview":"max-video-preview:-1"},"canonical":"https:\/\/latinpcs.org\/fr\/resources\/2025\/07\/valediction\/","og_locale":"fr_FR","og_type":"article","og_title":"Valediction - Washington Latin Public Charter Schools","og_description":"Valediction means to say farewell. These celebrations bring together the Latin community to close the school year.","og_url":"https:\/\/latinpcs.org\/fr\/resources\/2025\/07\/valediction\/","og_site_name":"Washington Latin Public Charter Schools","article_publisher":"https:\/\/www.facebook.com\/WashingtonLatinPCS\/","article_modified_time":"2026-04-13T18:30:41+00:00","og_image":[{"width":2000,"height":1333,"url":"https:\/\/latinpcs.org\/wp-content\/uploads\/2025\/07\/latin-default-social-image.jpg","type":"image\/jpeg"}],"twitter_card":"summary_large_image","twitter_misc":{"Est. reading time":"5 minutes"},"schema":{"@context":"https:\/\/schema.org","@graph":[{"@type":"WebPage","@id":"https:\/\/latinpcs.org\/resources\/2025\/07\/valediction\/","url":"https:\/\/latinpcs.org\/resources\/2025\/07\/valediction\/","name":"Adieu - Washington Latin Public Charter Schools","isPartOf":{"@id":"https:\/\/latinpcs.org\/#website"},"datePublished":"2025-07-17T15:09:37+00:00","dateModified":"2026-04-13T18:30:41+00:00","breadcrumb":{"@id":"https:\/\/latinpcs.org\/resources\/2025\/07\/valediction\/#breadcrumb"},"inLanguage":"fr-FR","potentialAction":[{"@type":"ReadAction","target":["https:\/\/latinpcs.org\/resources\/2025\/07\/valediction\/"]}]},{"@type":"BreadcrumbList","@id":"https:\/\/latinpcs.org\/resources\/2025\/07\/valediction\/#breadcrumb","itemListElement":[{"@type":"ListItem","position":1,"name":"Home","item":"https:\/\/latinpcs.org\/"},{"@type":"ListItem","position":2,"name":"Resources","item":"https:\/\/latinpcs.org\/resources\/"},{"@type":"ListItem","position":3,"name":"Valediction"}]},{"@type":"WebSite","@id":"https:\/\/latinpcs.org\/#website","url":"https:\/\/latinpcs.org\/","name":"\u00c9coles publiques \u00e0 charte latine de Washington","description":"Washington Latin Public Charter Schools, bas\u00e9 \u00e0 Washington, DC, propose une \u00e9ducation classique pour le monde moderne aux \u00e9l\u00e8ves de la 5e \u00e0 la 12e ann\u00e9e sur deux campus.","publisher":{"@id":"https:\/\/latinpcs.org\/#organization"},"potentialAction":[{"@type":"SearchAction","target":{"@type":"EntryPoint","urlTemplate":"https:\/\/latinpcs.org\/?s={search_term_string}"},"query-input":{"@type":"PropertyValueSpecification","valueRequired":true,"valueName":"search_term_string"}}],"inLanguage":"fr-FR"},{"@type":"Organization","@id":"https:\/\/latinpcs.org\/#organization","name":"\u00c9coles publiques \u00e0 charte latine de Washington","url":"https:\/\/latinpcs.org\/","logo":{"@type":"ImageObject","inLanguage":"fr-FR","@id":"https:\/\/latinpcs.org\/#\/schema\/logo\/image\/","url":"https:\/\/latinpcs.org\/wp-content\/uploads\/2025\/07\/Latin_logo_nknm_4c.svg","contentUrl":"https:\/\/latinpcs.org\/wp-content\/uploads\/2025\/07\/Latin_logo_nknm_4c.svg","width":1,"height":1,"caption":"Washington Latin Public Charter Schools"},"image":{"@id":"https:\/\/latinpcs.org\/#\/schema\/logo\/image\/"},"sameAs":["https:\/\/www.facebook.com\/WashingtonLatinPCS\/","https:\/\/www.instagram.com\/washingtonlatinpcs\/?hl=en","https:\/\/www.linkedin.com\/school\/washington-latin-public-charter-schools\/"]}]}},"rendered-html":"<div class=\"default appear-on-scroll post-23720 resource type-resource status-publish hentry campus-latin-wide resource-category-latin-explainer\" style=\"\">\n    \n\n        <a href=\"https:\/\/latinpcs.org\/fr\/resources\/2025\/07\/valediction\/\" class=\"thumbnail\" aria-labelledby=\"p23720-title\" style=\"\"><\/a><h3 class=\"title heading h4\"><a href=\"https:\/\/latinpcs.org\/fr\/resources\/2025\/07\/valediction\/\">Valediction<\/a><\/h3><div class=\"content\"><p>Valediction means to say farewell. These celebrations bring together the Latin community to close the school year.<\/p>\n<\/div>\n    \n<\/div>","_links":{"self":[{"href":"https:\/\/latinpcs.org\/fr\/wp-json\/wp\/v2\/resource\/23720","targetHints":{"allow":["GET"]}}],"collection":[{"href":"https:\/\/latinpcs.org\/fr\/wp-json\/wp\/v2\/resource"}],"about":[{"href":"https:\/\/latinpcs.org\/fr\/wp-json\/wp\/v2\/types\/resource"}],"version-history":[{"count":0,"href":"https:\/\/latinpcs.org\/fr\/wp-json\/wp\/v2\/resource\/23720\/revisions"}],"wp:attachment":[{"href":"https:\/\/latinpcs.org\/fr\/wp-json\/wp\/v2\/media?parent=23720"}],"wp:term":[{"taxonomy":"category","embeddable":true,"href":"https:\/\/latinpcs.org\/fr\/wp-json\/wp\/v2\/categories?post=23720"},{"taxonomy":"campus","embeddable":true,"href":"https:\/\/latinpcs.org\/fr\/wp-json\/wp\/v2\/campus?post=23720"},{"taxonomy":"resource-category","embeddable":true,"href":"https:\/\/latinpcs.org\/fr\/wp-json\/wp\/v2\/resource-category?post=23720"}],"curies":[{"name":"wp","href":"https:\/\/api.w.org\/{rel}","templated":true}]}}