{"id":5,"date":"2025-05-29T18:13:49","date_gmt":"2025-05-29T18:13:49","guid":{"rendered":"https:\/\/latinpcs.org\/?page_id=5"},"modified":"2026-05-13T15:57:03","modified_gmt":"2026-05-13T15:57:03","slug":"home","status":"publish","type":"page","link":"https:\/\/latinpcs.org\/fr\/","title":{"rendered":"Maison"},"content":{"rendered":"<div role=\"banner\" class=\"theme-block wp-block-theme-blocks-hero full-width has-background has-blue-background-color is-style-default has-image\"><div class=\"block-background\"><img decoding=\"async\" width=\"2048\" height=\"1365\" data-src=\"https:\/\/latinpcs.org\/wp-content\/uploads\/2025\/07\/latin-hp-hero-pillar3-web.jpg\" class=\"attachment-banner size-banner lazyload\" alt=\"\" data-srcset=\"https:\/\/latinpcs.org\/wp-content\/uploads\/2025\/07\/latin-hp-hero-pillar3-web.jpg 2048w, https:\/\/latinpcs.org\/wp-content\/uploads\/2025\/07\/latin-hp-hero-pillar3-web-300x200.jpg 300w, https:\/\/latinpcs.org\/wp-content\/uploads\/2025\/07\/latin-hp-hero-pillar3-web-1024x683.jpg 1024w, https:\/\/latinpcs.org\/wp-content\/uploads\/2025\/07\/latin-hp-hero-pillar3-web-768x512.jpg 768w, https:\/\/latinpcs.org\/wp-content\/uploads\/2025\/07\/latin-hp-hero-pillar3-web-1536x1024.jpg 1536w, https:\/\/latinpcs.org\/wp-content\/uploads\/2025\/07\/latin-hp-hero-pillar3-web-18x12.jpg 18w\" data-sizes=\"(max-width: 2048px) 100vw, 2048px\" src=\"data:image\/svg+xml;base64,PHN2ZyB3aWR0aD0iMSIgaGVpZ2h0PSIxIiB4bWxucz0iaHR0cDovL3d3dy53My5vcmcvMjAwMC9zdmciPjwvc3ZnPg==\" style=\"--smush-placeholder-width: 2048px; --smush-placeholder-aspect-ratio: 2048\/1365;\" \/><\/div><div class=\"block-image\"><img decoding=\"async\" width=\"501\" height=\"506\" data-src=\"https:\/\/latinpcs.org\/wp-content\/uploads\/2025\/08\/girl-sq.jpg\" class=\"attachment-post-thumb size-post-thumb lazyload\" alt=\"\" data-srcset=\"https:\/\/latinpcs.org\/wp-content\/uploads\/2025\/08\/girl-sq.jpg 501w, https:\/\/latinpcs.org\/wp-content\/uploads\/2025\/08\/girl-sq-297x300.jpg 297w, https:\/\/latinpcs.org\/wp-content\/uploads\/2025\/08\/girl-sq-150x150.jpg 150w, https:\/\/latinpcs.org\/wp-content\/uploads\/2025\/08\/girl-sq-12x12.jpg 12w, https:\/\/latinpcs.org\/wp-content\/uploads\/2025\/08\/girl-sq-100x100.jpg 100w\" data-sizes=\"(max-width: 501px) 100vw, 501px\" src=\"data:image\/svg+xml;base64,PHN2ZyB3aWR0aD0iMSIgaGVpZ2h0PSIxIiB4bWxucz0iaHR0cDovL3d3dy53My5vcmcvMjAwMC9zdmciPjwvc3ZnPg==\" style=\"--smush-placeholder-width: 501px; --smush-placeholder-aspect-ratio: 501\/506;\" \/><\/div><div class=\"block-content\">\n<h1  class=\"appear-on-scroll wp-block-heading translation-block\" >Une \u00e9ducation classique pour le monde moderne<\/h1>\n\n<p  class=\"appear-on-scroll has-large-font-size wp-block-paragraph\" >Washington Latin Public Charter Schools a pour mission classique d&#039;offrir une \u00e9ducation pr\u00e9paratoire aux \u00e9tudes sup\u00e9rieures en arts lib\u00e9raux aux \u00e9tudiants de DC de la 5e \u00e0 la 12e ann\u00e9e.<\/p>\n\n<div  class=\"appear-on-scroll wp-block-buttons is-layout-flex wp-block-buttons-is-layout-flex\" >\n<div class=\"wp-block-button\"><a class=\"wp-block-button__link wp-element-button\" href=\"\/fr\/about\/\"><span class=\"label\">La voie de Latin<\/span><\/a><\/div>\n<\/div>\n<\/div><\/div>\n\n<div  class=\"theme-block full-width wp-block-group is-style-full-width has-greek-key has-light-blue-gray-color has-blue-background-color has-text-color has-background has-link-color wp-elements-a2c4566822ee7f97819ad97bd6d2f29b is-layout-constrained wp-block-group-is-layout-constrained\" ><h2  class=\"appear-on-scroll wp-block-heading has-text-align-center after-hero translation-block\" >Une \u00e9cole publique \u00e0 charte de Washington DC\ndu CM2 \u00e0 la Terminale, accueillant des \u00e9l\u00e8ves de Washington DC sur deux campus<\/h2>\n\n\n<div class=\"wp-block-columns are-vertically-aligned-center is-layout-flex wp-container-core-columns-is-layout-28f84493 wp-block-columns-is-layout-flex\">\n<div class=\"wp-block-column is-vertically-aligned-center is-layout-flow wp-block-column-is-layout-flow\"><figure  class=\"theme-block appear-on-scroll wp-block-image size-full wp-container-content-d8344436\" ><div class=\"image\"><img decoding=\"async\" width=\"1144\" height=\"580\" data-src=\"https:\/\/latinpcs.org\/wp-content\/uploads\/2025\/08\/Locations-Graphic-withNames.png\" alt=\"Graphical collage showing the building facades of Cooper and 2nd Street campuses.\" class=\"wp-image-24933 lazyload\" data-srcset=\"https:\/\/latinpcs.org\/wp-content\/uploads\/2025\/08\/Locations-Graphic-withNames.png 1144w, https:\/\/latinpcs.org\/wp-content\/uploads\/2025\/08\/Locations-Graphic-withNames-300x152.png 300w, https:\/\/latinpcs.org\/wp-content\/uploads\/2025\/08\/Locations-Graphic-withNames-1024x519.png 1024w, https:\/\/latinpcs.org\/wp-content\/uploads\/2025\/08\/Locations-Graphic-withNames-768x389.png 768w, https:\/\/latinpcs.org\/wp-content\/uploads\/2025\/08\/Locations-Graphic-withNames-18x9.png 18w\" data-sizes=\"(max-width: 1144px) 100vw, 1144px\" src=\"data:image\/svg+xml;base64,PHN2ZyB3aWR0aD0iMSIgaGVpZ2h0PSIxIiB4bWxucz0iaHR0cDovL3d3dy53My5vcmcvMjAwMC9zdmciPjwvc3ZnPg==\" style=\"--smush-placeholder-width: 1144px; --smush-placeholder-aspect-ratio: 1144\/580;\" \/><\/div><\/figure><\/div>\n\n\n\n<div class=\"wp-block-column is-vertically-aligned-center is-layout-flow wp-block-column-is-layout-flow\"><div class=\"wp-block-theme-blocks-stats theme-block has-columns\" style=\"--column-count:2\"><div class=\"block-statistics\">\n<div class=\"wp-block-theme-blocks-stats-block appear-on-scroll\"><div class=\"statistic\">\n<div class=\"wp-block-theme-blocks-count-up theme-block appear-on-scroll animated\" style=\"\" data-format=\"1\" data-target=\"13\"><span class=\"block-prefix\"><\/span><span class=\"block-count\">13<\/span><span class=\"block-suffix\"><\/span><\/div><div class=\"label\">Ratio \u00e9l\u00e8ves-enseignants<\/div>\n<\/div><\/div>\n\n<div class=\"wp-block-theme-blocks-stats-block appear-on-scroll\"><div class=\"statistic\">\n<div class=\"wp-block-theme-blocks-count-up theme-block appear-on-scroll animated\" style=\"\" data-format=\"1\" data-target=\"972\"><span class=\"block-prefix\"><\/span><span class=\"block-count\">972<\/span><span class=\"block-suffix\"><\/span><\/div><div class=\"label\">Dipl\u00f4m\u00e9s du secondaire<br>depuis 2006<\/div>\n<\/div><\/div>\n\n<div class=\"wp-block-theme-blocks-stats-block appear-on-scroll\"><div class=\"statistic\">\n<div class=\"wp-block-theme-blocks-count-up theme-block appear-on-scroll animated\" style=\"\" data-format=\"1\" data-target=\"8\"><span class=\"block-prefix\"><\/span><span class=\"block-count\">8<\/span><span class=\"block-suffix\"><\/span><\/div><div class=\"label\">Quartiers de DC repr\u00e9sent\u00e9s<\/div>\n<\/div><\/div>\n\n<div class=\"wp-block-theme-blocks-stats-block appear-on-scroll\"><div class=\"statistic\">\n<div class=\"wp-block-theme-blocks-count-up theme-block appear-on-scroll\" style=\"\" data-format=\"1\" data-target=\"1\"><span class=\"block-prefix\">\u00c9tage <\/span><span class=\"block-count\">1<\/span><span class=\"block-suffix\"><\/span><\/div><div class=\"label\">\u00c9cole publique \u00e0 charte de DC<\/div>\n<\/div><\/div>\n<\/div><\/div><\/div>\n<\/div>\n\n\n\n<div style=\"height:50px\" aria-hidden=\"true\" class=\"wp-block-spacer\"><\/div>\n\n\n<div  class=\"appear-on-scroll wp-block-buttons is-content-justification-center is-layout-flex wp-container-core-buttons-is-layout-a89b3969 wp-block-buttons-is-layout-flex\" >\n<div class=\"wp-block-button\"><a class=\"wp-block-button__link wp-element-button\" href=\"\/fr\/application-process\/\"><span class=\"label\">Postulez \u00e0 Washington Latin<\/span><\/a><\/div>\n\n\n\n<div class=\"wp-block-button\"><a class=\"wp-block-button__link wp-element-button\" href=\"\/fr\/about\/careers\/\"><span class=\"label\">Rejoignez la Facult\u00e9 de Latin<\/span><\/a><\/div>\n<\/div><\/div>\n\n\n<div class=\"wp-block-group is-layout-grid wp-container-core-group-is-layout-988b637e wp-block-group-is-layout-grid\"><div class=\"wp-block-theme-blocks-card theme-block hentry appear-on-scroll is-style-circle has-image wp-container-content-2155ee95\" style=\"--focal-point:44% 45%;--aspect-ratio:1\" data-href=\"\"><div class=\"block-image\"><img decoding=\"async\" width=\"1024\" height=\"1024\" data-src=\"https:\/\/latinpcs.org\/wp-content\/uploads\/2025\/07\/classroom-2-1024x1024.jpeg\" class=\"attachment-post-thumb size-post-thumb lazyload\" alt=\"\" data-srcset=\"https:\/\/latinpcs.org\/wp-content\/uploads\/2025\/07\/classroom-2-1024x1024.jpeg 1024w, https:\/\/latinpcs.org\/wp-content\/uploads\/2025\/07\/classroom-2-300x300.jpeg 300w, https:\/\/latinpcs.org\/wp-content\/uploads\/2025\/07\/classroom-2-150x150.jpeg 150w, https:\/\/latinpcs.org\/wp-content\/uploads\/2025\/07\/classroom-2-768x768.jpeg 768w, https:\/\/latinpcs.org\/wp-content\/uploads\/2025\/07\/classroom-2-12x12.jpeg 12w, https:\/\/latinpcs.org\/wp-content\/uploads\/2025\/07\/classroom-2-100x100.jpeg 100w\" data-sizes=\"(max-width: 1024px) 100vw, 1024px\" src=\"data:image\/svg+xml;base64,PHN2ZyB3aWR0aD0iMSIgaGVpZ2h0PSIxIiB4bWxucz0iaHR0cDovL3d3dy53My5vcmcvMjAwMC9zdmciPjwvc3ZnPg==\" style=\"--smush-placeholder-width: 1024px; --smush-placeholder-aspect-ratio: 1024\/1024;\" \/><\/div><h3 class=\"block-title\">Retour \u00e0 l&#039;\u00e9cole !<\/h3><div class=\"block-content\">\n<p class=\"wp-block-paragraph\">Le premier jour est le mercredi 27 ao\u00fbt, mais il se passe beaucoup de choses avant le premier jour, des activit\u00e9s sociales aux orientations, en passant par les conf\u00e9rences des conseillers.<\/p>\n\n<div  class=\"wp-block-buttons is-layout-flex wp-block-buttons-is-layout-flex\" >\n<div class=\"wp-block-button\"><a class=\"wp-block-button__link wp-element-button\" href=\"\/fr\/latin-families\/\"><span class=\"label\">Pr\u00e9parez-vous pour la rentr\u00e9e scolaire<\/span><\/a><\/div>\n<\/div>\n<\/div><\/div>\n\n<div class=\"wp-block-theme-blocks-card theme-block hentry appear-on-scroll is-style-circle has-image\" style=\"--focal-point:77% 42%;--aspect-ratio:1\" data-href=\"\"><div class=\"block-image\"><img decoding=\"async\" width=\"1024\" height=\"1024\" data-src=\"https:\/\/latinpcs.org\/wp-content\/uploads\/2025\/07\/Graduation-2025-1024x1024.jpeg\" class=\"attachment-post-thumb size-post-thumb lazyload\" alt=\"\" data-srcset=\"https:\/\/latinpcs.org\/wp-content\/uploads\/2025\/07\/Graduation-2025-1024x1024.jpeg 1024w, https:\/\/latinpcs.org\/wp-content\/uploads\/2025\/07\/Graduation-2025-300x300.jpeg 300w, https:\/\/latinpcs.org\/wp-content\/uploads\/2025\/07\/Graduation-2025-150x150.jpeg 150w, https:\/\/latinpcs.org\/wp-content\/uploads\/2025\/07\/Graduation-2025-768x768.jpeg 768w, https:\/\/latinpcs.org\/wp-content\/uploads\/2025\/07\/Graduation-2025-12x12.jpeg 12w, https:\/\/latinpcs.org\/wp-content\/uploads\/2025\/07\/Graduation-2025-100x100.jpeg 100w\" data-sizes=\"(max-width: 1024px) 100vw, 1024px\" src=\"data:image\/svg+xml;base64,PHN2ZyB3aWR0aD0iMSIgaGVpZ2h0PSIxIiB4bWxucz0iaHR0cDovL3d3dy53My5vcmcvMjAwMC9zdmciPjwvc3ZnPg==\" style=\"--smush-placeholder-width: 1024px; --smush-placeholder-aspect-ratio: 1024\/1024;\" \/><\/div><h3 class=\"block-title\">Rejoignez notre facult\u00e9<\/h3><div class=\"block-content\">\n<p class=\"wp-block-paragraph\">Vous souhaitez travailler \u00e0 Washington Latin\u00a0? D\u00e9couvrez notre mod\u00e8le et les opportunit\u00e9s de carri\u00e8re offertes aux enseignants engag\u00e9s.<\/p>\n\n<div  class=\"wp-block-buttons is-layout-flex wp-block-buttons-is-layout-flex\" >\n<div class=\"wp-block-button\"><a class=\"wp-block-button__link wp-element-button\" href=\"\/fr\/about\/careers\/\"><span class=\"label\">Carri\u00e8res chez Latin<\/span><\/a><\/div>\n<\/div>\n<\/div><\/div>\n\n<div class=\"wp-block-theme-blocks-card theme-block hentry appear-on-scroll is-style-circle has-image\" style=\"--focal-point:50% 50%;--aspect-ratio:1\" data-href=\"\"><div class=\"block-image\"><img decoding=\"async\" width=\"600\" height=\"600\" data-src=\"https:\/\/latinpcs.org\/wp-content\/uploads\/2025\/07\/IMG_7331-web.jpg\" class=\"attachment-post-thumb size-post-thumb lazyload\" alt=\"Students walk in front of Latin building on a sunny day.\" data-srcset=\"https:\/\/latinpcs.org\/wp-content\/uploads\/2025\/07\/IMG_7331-web.jpg 600w, https:\/\/latinpcs.org\/wp-content\/uploads\/2025\/07\/IMG_7331-web-300x300.jpg 300w, https:\/\/latinpcs.org\/wp-content\/uploads\/2025\/07\/IMG_7331-web-150x150.jpg 150w, https:\/\/latinpcs.org\/wp-content\/uploads\/2025\/07\/IMG_7331-web-12x12.jpg 12w, https:\/\/latinpcs.org\/wp-content\/uploads\/2025\/07\/IMG_7331-web-100x100.jpg 100w\" data-sizes=\"(max-width: 600px) 100vw, 600px\" src=\"data:image\/svg+xml;base64,PHN2ZyB3aWR0aD0iMSIgaGVpZ2h0PSIxIiB4bWxucz0iaHR0cDovL3d3dy53My5vcmcvMjAwMC9zdmciPjwvc3ZnPg==\" style=\"--smush-placeholder-width: 600px; --smush-placeholder-aspect-ratio: 600\/600;\" \/><\/div><h3 class=\"block-title\">\u00c9cole publique \u00e0 charte<\/h3><div class=\"block-content\">\n<p class=\"wp-block-paragraph\">Apprenez-en davantage sur Washington Latin Public Charter Schools, notamment nos politiques, nos finances, notre conseil des gouverneurs et bien plus encore\u00a0!<\/p>\n\n<div  class=\"wp-block-buttons is-layout-flex wp-block-buttons-is-layout-flex\" >\n<div class=\"wp-block-button\"><a class=\"wp-block-button__link wp-element-button\" href=\"\/fr\/about\/transparency\/\"><span class=\"label\">Conformit\u00e9 et transparence<\/span><\/a><\/div>\n<\/div>\n<\/div><\/div><\/div>\n\n\n<div  class=\"theme-block wp-block-media-text is-stacked-on-mobile\"  style=\"grid-template-columns:40% auto\"><figure class=\"wp-block-media-text__media\"><img decoding=\"async\" width=\"1024\" height=\"1024\" data-src=\"https:\/\/latinpcs.org\/wp-content\/uploads\/2026\/02\/Final-Logo-XX-gala-1024x1024.png\" alt=\"\" class=\"wp-image-26747 size-full lazyload\" data-srcset=\"https:\/\/latinpcs.org\/wp-content\/uploads\/2026\/02\/Final-Logo-XX-gala-1024x1024.png 1024w, https:\/\/latinpcs.org\/wp-content\/uploads\/2026\/02\/Final-Logo-XX-gala-300x300.png 300w, https:\/\/latinpcs.org\/wp-content\/uploads\/2026\/02\/Final-Logo-XX-gala-150x150.png 150w, https:\/\/latinpcs.org\/wp-content\/uploads\/2026\/02\/Final-Logo-XX-gala-768x768.png 768w, https:\/\/latinpcs.org\/wp-content\/uploads\/2026\/02\/Final-Logo-XX-gala-1536x1536.png 1536w, https:\/\/latinpcs.org\/wp-content\/uploads\/2026\/02\/Final-Logo-XX-gala-12x12.png 12w, https:\/\/latinpcs.org\/wp-content\/uploads\/2026\/02\/Final-Logo-XX-gala-100x100.png 100w, https:\/\/latinpcs.org\/wp-content\/uploads\/2026\/02\/Final-Logo-XX-gala.png 2000w\" data-sizes=\"(max-width: 1024px) 100vw, 1024px\" src=\"data:image\/svg+xml;base64,PHN2ZyB3aWR0aD0iMSIgaGVpZ2h0PSIxIiB4bWxucz0iaHR0cDovL3d3dy53My5vcmcvMjAwMC9zdmciPjwvc3ZnPg==\" style=\"--smush-placeholder-width: 1024px; --smush-placeholder-aspect-ratio: 1024\/1024;\" \/><\/figure><div class=\"wp-block-media-text__content appear-on-scroll\"><h2  class=\"wp-block-heading\" ><span class=\"text\">Achetez vos billets !<\/span><\/h2>\n\n<h3  class=\"wp-block-heading\" ><span class=\"text\">C\u00e9l\u00e9bration du 20e anniversaire<\/span><\/h3>\n\n<h3  class=\"wp-block-heading\" ><span class=\"text\">Samedi 6 juin 2026<\/span><\/h3>\n\n<p class=\"wp-block-paragraph\">Nous f\u00eatons nos 20 ans ! Pour c\u00e9l\u00e9brer cet \u00e9v\u00e9nement, nous organisons notre plus grande f\u00eate \u00e0 ce jour ! Tout le monde est invit\u00e9 !<\/p>\n\n<p class=\"wp-block-paragraph\">Apprenez-en davantage sur l&#039;\u00e9v\u00e9nement\u00a0: b\u00e9n\u00e9volat, commandites, tables et billets\u00a0!<\/p>\n\n<div  class=\"wp-block-buttons is-layout-flex wp-block-buttons-is-layout-flex\" >\n<div class=\"wp-block-button\"><a class=\"wp-block-button__link wp-element-button\" href=\"https:\/\/latinpcs.org\/fr\/20th-anniversary\/\"><span class=\"label\">Visitez la page des c\u00e9l\u00e9brations du XXe si\u00e8cle<\/span><\/a><\/div>\n<\/div><\/div><\/div>\n\n<div  class=\"theme-block full-width wp-block-group is-style-full-width has-light-yellow-background-color has-background is-layout-constrained wp-block-group-is-layout-constrained\" >\n<div class=\"wp-block-columns is-layout-flex wp-container-core-columns-is-layout-28f84493 wp-block-columns-is-layout-flex\">\n<div class=\"wp-block-column is-layout-flow wp-block-column-is-layout-flow\" style=\"flex-basis:33.33%\"><h2  class=\"appear-on-scroll wp-block-heading\" ><span class=\"text\">Washington Latin<br><em>Mises \u00e0 jour<\/em><\/span><\/h2>\n\n<figure  class=\"theme-block appear-on-scroll wp-block-image alignleft size-full is-resized\" ><div class=\"image\"><img decoding=\"async\" width=\"684\" height=\"670\" data-src=\"https:\/\/latinpcs.org\/wp-content\/uploads\/2025\/07\/Cutout-Policies.png\" alt=\"A young girl in a navy polo shirt with an emblem writes on a piece of paper, looking up with a slight smile.\" class=\"wp-image-24022 lazyload\" style=\"--smush-placeholder-width: 684px; --smush-placeholder-aspect-ratio: 684\/670;width:300px\" data-srcset=\"https:\/\/latinpcs.org\/wp-content\/uploads\/2025\/07\/Cutout-Policies.png 684w, https:\/\/latinpcs.org\/wp-content\/uploads\/2025\/07\/Cutout-Policies-300x294.png 300w, https:\/\/latinpcs.org\/wp-content\/uploads\/2025\/07\/Cutout-Policies-12x12.png 12w\" data-sizes=\"(max-width: 684px) 100vw, 684px\" src=\"data:image\/svg+xml;base64,PHN2ZyB3aWR0aD0iMSIgaGVpZ2h0PSIxIiB4bWxucz0iaHR0cDovL3d3dy53My5vcmcvMjAwMC9zdmciPjwvc3ZnPg==\" \/><\/div><\/figure><\/div>\n\n\n\n<div class=\"wp-block-column is-layout-flow wp-block-column-is-layout-flow\" style=\"flex-basis:66.66%\"><div class=\"theme-block wp-block-theme-blocks-posts admin\"><div class=\"query-posts one-across per-page-3\" id=\"query-posts0\"><div class=\"horizontal appear-on-scroll post-25329 post type-post status-publish format-standard has-post-thumbnail hentry category-back-to-school category-daily-schedule-routines campus-2nd-street post-category-announcement\" style=\"\">\n    \n\n        <a href=\"https:\/\/latinpcs.org\/fr\/2026\/08\/2nd-st-magis-afterschool-registration\/\" class=\"thumbnail\" aria-labelledby=\"p25329-title\" style=\"\"><img decoding=\"async\" width=\"1024\" height=\"768\" data-src=\"https:\/\/latinpcs.org\/wp-content\/uploads\/2025\/08\/Campus-2nd-Recess-5th-boys-2023-resized-1024x768.jpg\" class=\"attachment-post-thumb size-post-thumb wp-post-image lazyload\" alt=\"\" data-srcset=\"https:\/\/latinpcs.org\/wp-content\/uploads\/2025\/08\/Campus-2nd-Recess-5th-boys-2023-resized-1024x768.jpg 1024w, https:\/\/latinpcs.org\/wp-content\/uploads\/2025\/08\/Campus-2nd-Recess-5th-boys-2023-resized-300x225.jpg 300w, https:\/\/latinpcs.org\/wp-content\/uploads\/2025\/08\/Campus-2nd-Recess-5th-boys-2023-resized-768x576.jpg 768w, https:\/\/latinpcs.org\/wp-content\/uploads\/2025\/08\/Campus-2nd-Recess-5th-boys-2023-resized-16x12.jpg 16w\" data-sizes=\"(max-width: 1024px) 100vw, 1024px\" src=\"data:image\/svg+xml;base64,PHN2ZyB3aWR0aD0iMSIgaGVpZ2h0PSIxIiB4bWxucz0iaHR0cDovL3d3dy53My5vcmcvMjAwMC9zdmciPjwvc3ZnPg==\" style=\"--smush-placeholder-width: 1024px; --smush-placeholder-aspect-ratio: 1024\/768;\" \/><\/a><h3 class=\"title heading h4\"><a href=\"https:\/\/latinpcs.org\/fr\/2026\/08\/2nd-st-magis-afterschool-registration\/\">Inscription aux activit\u00e9s p\u00e9riscolaires de la 2e rue MAGIS<\/a><\/h3><div class=\"content\"><p>La troisi\u00e8me session de MAGIS d\u00e9butera le lundi 2 mars \u00e0 2nd Street. D\u00e9couvrez le programme et inscrivez-vous via MySchoolBucks\u00a0! MAGIS signifie \u00ab\u00a0plus\u00a0\u00bb en latin, et\u2026<\/p>\n<\/div>\n    \n<\/div><div class=\"horizontal appear-on-scroll post-25334 post type-post status-publish format-standard has-post-thumbnail hentry category-back-to-school category-daily-schedule-routines campus-cooper post-category-announcement\" style=\"\">\n    \n\n        <a href=\"https:\/\/latinpcs.org\/fr\/2026\/08\/cooper-pudo-pick-up-drop-off\/\" class=\"thumbnail\" aria-labelledby=\"p25334-title\" style=\"\"><img decoding=\"async\" width=\"1000\" height=\"549\" data-src=\"https:\/\/latinpcs.org\/wp-content\/uploads\/2025\/08\/Cooper-PUDO-map-sm.png\" class=\"attachment-post-thumb size-post-thumb wp-post-image lazyload\" alt=\"\" data-srcset=\"https:\/\/latinpcs.org\/wp-content\/uploads\/2025\/08\/Cooper-PUDO-map-sm.png 1000w, https:\/\/latinpcs.org\/wp-content\/uploads\/2025\/08\/Cooper-PUDO-map-sm-300x165.png 300w, https:\/\/latinpcs.org\/wp-content\/uploads\/2025\/08\/Cooper-PUDO-map-sm-768x422.png 768w, https:\/\/latinpcs.org\/wp-content\/uploads\/2025\/08\/Cooper-PUDO-map-sm-18x10.png 18w\" data-sizes=\"(max-width: 1000px) 100vw, 1000px\" src=\"data:image\/svg+xml;base64,PHN2ZyB3aWR0aD0iMSIgaGVpZ2h0PSIxIiB4bWxucz0iaHR0cDovL3d3dy53My5vcmcvMjAwMC9zdmciPjwvc3ZnPg==\" style=\"--smush-placeholder-width: 1000px; --smush-placeholder-aspect-ratio: 1000\/549;\" \/><\/a><h3 class=\"title heading h4\"><a href=\"https:\/\/latinpcs.org\/fr\/2026\/08\/cooper-pudo-pick-up-drop-off\/\">Cooper PUDO (prise en charge\/d\u00e9pose)<\/a><\/h3><div class=\"content\"><p>Apr\u00e8s trois jours de travail, nous avons des mises \u00e0 jour et des rappels cruciaux concernant la routine de prise en charge et de d\u00e9pose (PUDO). Veuillez prendre connaissance de ces changements et consulter la carte ci-dessous\u00a0!<\/p>\n<\/div>\n    \n<\/div><div class=\"horizontal appear-on-scroll post-25420 post type-post status-publish format-standard has-post-thumbnail hentry category-academics category-back-to-school campus-cooper post-category-announcement\" style=\"\">\n    \n\n        <a href=\"https:\/\/latinpcs.org\/fr\/2026\/08\/cooper-back-to-school-night\/\" class=\"thumbnail\" aria-labelledby=\"p25420-title\" style=\"\"><img decoding=\"async\" width=\"1024\" height=\"905\" data-src=\"https:\/\/latinpcs.org\/wp-content\/uploads\/2025\/08\/BTS-kids-1024x905.jpg\" class=\"attachment-post-thumb size-post-thumb wp-post-image lazyload\" alt=\"\" data-srcset=\"https:\/\/latinpcs.org\/wp-content\/uploads\/2025\/08\/BTS-kids-1024x905.jpg 1024w, https:\/\/latinpcs.org\/wp-content\/uploads\/2025\/08\/BTS-kids-300x265.jpg 300w, https:\/\/latinpcs.org\/wp-content\/uploads\/2025\/08\/BTS-kids-768x679.jpg 768w, https:\/\/latinpcs.org\/wp-content\/uploads\/2025\/08\/BTS-kids-14x12.jpg 14w\" data-sizes=\"(max-width: 1024px) 100vw, 1024px\" src=\"data:image\/svg+xml;base64,PHN2ZyB3aWR0aD0iMSIgaGVpZ2h0PSIxIiB4bWxucz0iaHR0cDovL3d3dy53My5vcmcvMjAwMC9zdmciPjwvc3ZnPg==\" style=\"--smush-placeholder-width: 1024px; --smush-placeholder-aspect-ratio: 1024\/905;\" \/><\/a><h3 class=\"title heading h4\"><a href=\"https:\/\/latinpcs.org\/fr\/2026\/08\/cooper-back-to-school-night\/\">Soir\u00e9e de rentr\u00e9e scolaire \u00e0 Cooper<\/a><\/h3><div class=\"content\"><p>Rejoignez-nous pour la soir\u00e9e de rentr\u00e9e scolaire le jeudi 10 septembre de 18h \u00e0 20h. Les parents (sans \u00e9l\u00e8ves, s&#039;il vous pla\u00eet) parcourront les couloirs en fonction de l&#039;emploi du temps de leur enfant et pourront \u00e9changer avec\u2026<\/p>\n<\/div>\n    \n<\/div><\/div><\/div>\n\n<div  class=\"appear-on-scroll wp-block-buttons is-layout-flex wp-block-buttons-is-layout-flex\" >\n<div class=\"wp-block-button\"><a class=\"wp-block-button__link wp-element-button\" href=\"\/fr\/updates\/\"><span class=\"label\">Voir toutes les actualit\u00e9s de Latin<\/span><\/a><\/div>\n<\/div><\/div>\n<\/div>\n\n\n<\/div>","protected":false},"excerpt":{"rendered":"<p>Une \u00e9cole publique \u00e0 charte de Washington DC pour les classes de la 5e \u00e0 la 12e ann\u00e9e, au service des \u00e9l\u00e8ves de Washington DC sur deux campus. LatinUpdates<\/p>","protected":false},"author":1,"featured_media":25106,"parent":0,"menu_order":-100,"comment_status":"closed","ping_status":"closed","template":"","meta":{"featured_image_background_position":"","background-color":"","secondary-color":"","highlight-color":"","color":"","hide-navigation":false,"footnotes":""},"class_list":["post-5","page","type-page","status-publish","has-post-thumbnail","hentry"],"yoast_head":"<!-- This site is optimized with the Yoast SEO plugin v25.6 - https:\/\/yoast.com\/wordpress\/plugins\/seo\/ -->\n<title>Home - Washington Latin Public Charter Schools<\/title>\n<meta name=\"description\" content=\"Washington Latin is a small network of liberal arts, college preparatory schools with a classical mission, serving over 1,000 students on two campuses in DC.\" \/>\n<meta name=\"robots\" content=\"index, follow, max-snippet:-1, max-image-preview:large, max-video-preview:-1\" \/>\n<link rel=\"canonical\" href=\"https:\/\/latinpcs.org\/fr\/\" \/>\n<meta property=\"og:locale\" content=\"fr_FR\" \/>\n<meta property=\"og:type\" content=\"article\" \/>\n<meta property=\"og:title\" content=\"Home - Washington Latin Public Charter Schools\" \/>\n<meta property=\"og:description\" content=\"Washington Latin is a small network of liberal arts, college preparatory schools with a classical mission, serving over 1,000 students on two campuses in DC.\" \/>\n<meta property=\"og:url\" content=\"https:\/\/latinpcs.org\/fr\/\" \/>\n<meta property=\"og:site_name\" content=\"Washington Latin Public Charter Schools\" \/>\n<meta property=\"article:publisher\" content=\"https:\/\/www.facebook.com\/WashingtonLatinPCS\/\" \/>\n<meta property=\"article:modified_time\" content=\"2026-05-13T15:57:03+00:00\" \/>\n<meta property=\"og:image\" content=\"https:\/\/latinpcs.org\/wp-content\/uploads\/2025\/08\/girl-sq.jpg\" \/>\n\t<meta property=\"og:image:width\" content=\"501\" \/>\n\t<meta property=\"og:image:height\" content=\"506\" \/>\n\t<meta property=\"og:image:type\" content=\"image\/jpeg\" \/>\n<meta name=\"twitter:card\" content=\"summary_large_image\" \/>\n<meta name=\"twitter:label1\" content=\"Est. reading time\" \/>\n\t<meta name=\"twitter:data1\" content=\"2 minutes\" \/>\n<script type=\"application\/ld+json\" class=\"yoast-schema-graph\">{\"@context\":\"https:\/\/schema.org\",\"@graph\":[{\"@type\":\"WebPage\",\"@id\":\"https:\/\/latinpcs.org\/\",\"url\":\"https:\/\/latinpcs.org\/\",\"name\":\"Home - Washington Latin Public Charter Schools\",\"isPartOf\":{\"@id\":\"https:\/\/latinpcs.org\/#website\"},\"primaryImageOfPage\":{\"@id\":\"https:\/\/latinpcs.org\/#primaryimage\"},\"image\":{\"@id\":\"https:\/\/latinpcs.org\/#primaryimage\"},\"thumbnailUrl\":\"https:\/\/latinpcs.org\/wp-content\/uploads\/2025\/08\/girl-sq.jpg\",\"datePublished\":\"2025-05-29T18:13:49+00:00\",\"dateModified\":\"2026-05-13T15:57:03+00:00\",\"description\":\"Washington Latin is a small network of liberal arts, college preparatory schools with a classical mission, serving over 1,000 students on two campuses in DC.\",\"breadcrumb\":{\"@id\":\"https:\/\/latinpcs.org\/#breadcrumb\"},\"inLanguage\":\"fr-FR\",\"potentialAction\":[{\"@type\":\"ReadAction\",\"target\":[\"https:\/\/latinpcs.org\/\"]}]},{\"@type\":\"ImageObject\",\"inLanguage\":\"fr-FR\",\"@id\":\"https:\/\/latinpcs.org\/#primaryimage\",\"url\":\"https:\/\/latinpcs.org\/wp-content\/uploads\/2025\/08\/girl-sq.jpg\",\"contentUrl\":\"https:\/\/latinpcs.org\/wp-content\/uploads\/2025\/08\/girl-sq.jpg\",\"width\":501,\"height\":506},{\"@type\":\"BreadcrumbList\",\"@id\":\"https:\/\/latinpcs.org\/#breadcrumb\",\"itemListElement\":[{\"@type\":\"ListItem\",\"position\":1,\"name\":\"Home\",\"item\":\"https:\/\/latinpcs.org\/\"},{\"@type\":\"ListItem\",\"position\":2,\"name\":\"Home\"}]},{\"@type\":\"WebSite\",\"@id\":\"https:\/\/latinpcs.org\/#website\",\"url\":\"https:\/\/latinpcs.org\/\",\"name\":\"Washington Latin Public Charter Schools\",\"description\":\"Washington Latin Public Charter Schools, based in Washington, DC, offers a classical education for the modern world for students in grades 5-12 across two campuses.\",\"publisher\":{\"@id\":\"https:\/\/latinpcs.org\/#organization\"},\"potentialAction\":[{\"@type\":\"SearchAction\",\"target\":{\"@type\":\"EntryPoint\",\"urlTemplate\":\"https:\/\/latinpcs.org\/?s={search_term_string}\"},\"query-input\":{\"@type\":\"PropertyValueSpecification\",\"valueRequired\":true,\"valueName\":\"search_term_string\"}}],\"inLanguage\":\"fr-FR\"},{\"@type\":\"Organization\",\"@id\":\"https:\/\/latinpcs.org\/#organization\",\"name\":\"Washington Latin Public Charter Schools\",\"url\":\"https:\/\/latinpcs.org\/\",\"logo\":{\"@type\":\"ImageObject\",\"inLanguage\":\"fr-FR\",\"@id\":\"https:\/\/latinpcs.org\/#\/schema\/logo\/image\/\",\"url\":\"https:\/\/latinpcs.org\/wp-content\/uploads\/2025\/07\/Latin_logo_nknm_4c.svg\",\"contentUrl\":\"https:\/\/latinpcs.org\/wp-content\/uploads\/2025\/07\/Latin_logo_nknm_4c.svg\",\"width\":1,\"height\":1,\"caption\":\"Washington Latin Public Charter Schools\"},\"image\":{\"@id\":\"https:\/\/latinpcs.org\/#\/schema\/logo\/image\/\"},\"sameAs\":[\"https:\/\/www.facebook.com\/WashingtonLatinPCS\/\",\"https:\/\/www.instagram.com\/washingtonlatinpcs\/?hl=en\",\"https:\/\/www.linkedin.com\/school\/washington-latin-public-charter-schools\/\"]}]}<\/script>\n<!-- \/ Yoast SEO plugin. -->","yoast_head_json":{"title":"Accueil - Washington Latin Public Charter Schools","description":"Washington Latin est un petit r\u00e9seau d&#039;\u00e9coles pr\u00e9paratoires \u00e0 l&#039;universit\u00e9 d&#039;arts lib\u00e9raux avec une mission classique, au service de plus de 1 000 \u00e9tudiants sur deux campus \u00e0 Washington.","robots":{"index":"index","follow":"follow","max-snippet":"max-snippet:-1","max-image-preview":"max-image-preview:large","max-video-preview":"max-video-preview:-1"},"canonical":"https:\/\/latinpcs.org\/fr\/","og_locale":"fr_FR","og_type":"article","og_title":"Home - Washington Latin Public Charter Schools","og_description":"Washington Latin is a small network of liberal arts, college preparatory schools with a classical mission, serving over 1,000 students on two campuses in DC.","og_url":"https:\/\/latinpcs.org\/fr\/","og_site_name":"Washington Latin Public Charter Schools","article_publisher":"https:\/\/www.facebook.com\/WashingtonLatinPCS\/","article_modified_time":"2026-05-13T15:57:03+00:00","og_image":[{"width":501,"height":506,"url":"https:\/\/latinpcs.org\/wp-content\/uploads\/2025\/08\/girl-sq.jpg","type":"image\/jpeg"}],"twitter_card":"summary_large_image","twitter_misc":{"Est. reading time":"2 minutes"},"schema":{"@context":"https:\/\/schema.org","@graph":[{"@type":"WebPage","@id":"https:\/\/latinpcs.org\/","url":"https:\/\/latinpcs.org\/","name":"Accueil - Washington Latin Public Charter Schools","isPartOf":{"@id":"https:\/\/latinpcs.org\/#website"},"primaryImageOfPage":{"@id":"https:\/\/latinpcs.org\/#primaryimage"},"image":{"@id":"https:\/\/latinpcs.org\/#primaryimage"},"thumbnailUrl":"https:\/\/latinpcs.org\/wp-content\/uploads\/2025\/08\/girl-sq.jpg","datePublished":"2025-05-29T18:13:49+00:00","dateModified":"2026-05-13T15:57:03+00:00","description":"Washington Latin est un petit r\u00e9seau d&#039;\u00e9coles pr\u00e9paratoires \u00e0 l&#039;universit\u00e9 d&#039;arts lib\u00e9raux avec une mission classique, au service de plus de 1 000 \u00e9tudiants sur deux campus \u00e0 Washington.","breadcrumb":{"@id":"https:\/\/latinpcs.org\/#breadcrumb"},"inLanguage":"fr-FR","potentialAction":[{"@type":"ReadAction","target":["https:\/\/latinpcs.org\/"]}]},{"@type":"ImageObject","inLanguage":"fr-FR","@id":"https:\/\/latinpcs.org\/#primaryimage","url":"https:\/\/latinpcs.org\/wp-content\/uploads\/2025\/08\/girl-sq.jpg","contentUrl":"https:\/\/latinpcs.org\/wp-content\/uploads\/2025\/08\/girl-sq.jpg","width":501,"height":506},{"@type":"BreadcrumbList","@id":"https:\/\/latinpcs.org\/#breadcrumb","itemListElement":[{"@type":"ListItem","position":1,"name":"Home","item":"https:\/\/latinpcs.org\/"},{"@type":"ListItem","position":2,"name":"Home"}]},{"@type":"WebSite","@id":"https:\/\/latinpcs.org\/#website","url":"https:\/\/latinpcs.org\/","name":"\u00c9coles publiques \u00e0 charte latine de Washington","description":"Washington Latin Public Charter Schools, bas\u00e9 \u00e0 Washington, DC, propose une \u00e9ducation classique pour le monde moderne aux \u00e9l\u00e8ves de la 5e \u00e0 la 12e ann\u00e9e sur deux campus.","publisher":{"@id":"https:\/\/latinpcs.org\/#organization"},"potentialAction":[{"@type":"SearchAction","target":{"@type":"EntryPoint","urlTemplate":"https:\/\/latinpcs.org\/?s={search_term_string}"},"query-input":{"@type":"PropertyValueSpecification","valueRequired":true,"valueName":"search_term_string"}}],"inLanguage":"fr-FR"},{"@type":"Organization","@id":"https:\/\/latinpcs.org\/#organization","name":"\u00c9coles publiques \u00e0 charte latine de Washington","url":"https:\/\/latinpcs.org\/","logo":{"@type":"ImageObject","inLanguage":"fr-FR","@id":"https:\/\/latinpcs.org\/#\/schema\/logo\/image\/","url":"https:\/\/latinpcs.org\/wp-content\/uploads\/2025\/07\/Latin_logo_nknm_4c.svg","contentUrl":"https:\/\/latinpcs.org\/wp-content\/uploads\/2025\/07\/Latin_logo_nknm_4c.svg","width":1,"height":1,"caption":"Washington Latin Public Charter Schools"},"image":{"@id":"https:\/\/latinpcs.org\/#\/schema\/logo\/image\/"},"sameAs":["https:\/\/www.facebook.com\/WashingtonLatinPCS\/","https:\/\/www.instagram.com\/washingtonlatinpcs\/?hl=en","https:\/\/www.linkedin.com\/school\/washington-latin-public-charter-schools\/"]}]}},"_links":{"self":[{"href":"https:\/\/latinpcs.org\/fr\/wp-json\/wp\/v2\/pages\/5","targetHints":{"allow":["GET"]}}],"collection":[{"href":"https:\/\/latinpcs.org\/fr\/wp-json\/wp\/v2\/pages"}],"about":[{"href":"https:\/\/latinpcs.org\/fr\/wp-json\/wp\/v2\/types\/page"}],"author":[{"embeddable":true,"href":"https:\/\/latinpcs.org\/fr\/wp-json\/wp\/v2\/users\/1"}],"replies":[{"embeddable":true,"href":"https:\/\/latinpcs.org\/fr\/wp-json\/wp\/v2\/comments?post=5"}],"version-history":[{"count":0,"href":"https:\/\/latinpcs.org\/fr\/wp-json\/wp\/v2\/pages\/5\/revisions"}],"wp:featuredmedia":[{"embeddable":true,"href":"https:\/\/latinpcs.org\/fr\/wp-json\/wp\/v2\/media\/25106"}],"wp:attachment":[{"href":"https:\/\/latinpcs.org\/fr\/wp-json\/wp\/v2\/media?parent=5"}],"curies":[{"name":"wp","href":"https:\/\/api.w.org\/{rel}","templated":true}]}}