{"id":134,"date":"2025-06-27T20:07:04","date_gmt":"2025-06-27T20:07:04","guid":{"rendered":"https:\/\/latinpcs.org\/?page_id=134"},"modified":"2025-11-21T11:32:21","modified_gmt":"2025-11-21T11:32:21","slug":"contribute-to-2nd-st","status":"publish","type":"page","link":"https:\/\/latinpcs.org\/fr\/2ndst\/contribute-to-2nd-st\/","title":{"rendered":"Contribuez \u00e0 la 2e rue"},"content":{"rendered":"<p  class=\"appear-on-scroll is-style-intro\" >Latin Pride est notre campagne annuelle qui soutient les \u00e9l\u00e9ments essentiels d&#039;une \u00e9ducation latine de qualit\u00e9 \u00e0 Washington\u00a0: un enseignement d&#039;excellence, des classes \u00e0 effectifs r\u00e9duits et une communaut\u00e9 chaleureuse. Rejoignez-nous\u00a0!<\/p>\n\n<h2  class=\"appear-on-scroll wp-block-heading\" ><span class=\"text\">Qu&#039;est-ce que la fiert\u00e9 latine\u00a0?<\/span><\/h2>\n\n<p class=\"appear-on-scroll\">Chaque automne, nous sollicitons les dons de toutes les familles pour l&#039;\u00e9cole. Gr\u00e2ce \u00e0 eux, nous pouvons combler les d\u00e9ficits de financement, proposer des ressources suppl\u00e9mentaires en classe et garantir l&#039;\u00e9galit\u00e9 d&#039;acc\u00e8s \u00e0 l&#039;\u00e9ducation pour tous les \u00e9l\u00e8ves. Notre d\u00e9marche est simple\u00a0: votre don contribue au d\u00e9veloppement de notre \u00e9cole. Pas de ventes ni d&#039;ench\u00e8res\u00a0: votre contribution enrichit directement l&#039;exp\u00e9rience de nos enfants, en classe et au-del\u00e0.&nbsp;&nbsp;<\/p>\n\n<p class=\"appear-on-scroll\">Nous demandons \u00e0 chaque famille de donner $600 par \u00e9l\u00e8ve. <em>ou ce que votre famille peut se permettre<\/em>.<\/p>\n\n<div  class=\"appear-on-scroll wp-block-buttons is-layout-flex wp-block-buttons-is-layout-flex\" >\n<div class=\"wp-block-button\"><a class=\"wp-block-button__link wp-element-button\" href=\"https:\/\/crm.bloomerang.co\/HostedDonation?ApiKey=pub_5e71e019-e5ad-11ec-b5ee-066e3d38bc77&amp;WidgetId=13005824\" target=\"_blank\" rel=\"noreferrer noopener\"><span class=\"label\">Faites un don \u00e0 Latin Pride<\/span><\/a><\/div>\n<\/div>\n\n<h2  class=\"appear-on-scroll wp-block-heading\" ><span class=\"text\">Que soutient Latin Pride ?<\/span><\/h2>\n\n<h3  class=\"appear-on-scroll wp-block-heading\" ><span class=\"text\">Fonds g\u00e9n\u00e9ral \u2013 soutenir l\u2019enseignement du latin l\u00e0 o\u00f9 il est le plus n\u00e9cessaire<\/span><\/h3>\n\n<p class=\"appear-on-scroll\">Votre don contribue directement \u00e0 enrichir l&#039;exp\u00e9rience de nos enfants, en classe et au-del\u00e0.<strong> <\/strong>Un don \u00e0 Latin Pride soutient nos classes \u00e0 effectifs r\u00e9duits, notre corps professoral d&#039;excellence, notre communaut\u00e9 diversifi\u00e9e et notre enseignement classique adapt\u00e9 au monde moderne.&nbsp;<\/p>\n\n<h3  class=\"appear-on-scroll wp-block-heading\" ><span class=\"text\">Fonds d&#039;urgence latin<\/span><\/h3>\n\n<p class=\"appear-on-scroll\">Cette ann\u00e9e, nombre de nos familles sont confront\u00e9es \u00e0 de graves difficult\u00e9s financi\u00e8res. Afin de soutenir les familles latino-am\u00e9ricaines, nous avons r\u00e9activ\u00e9 le Fonds d&#039;urgence initialement cr\u00e9\u00e9 pendant la pand\u00e9mie de COVID-19, pour leur fournir une aide financi\u00e8re d&#039;urgence pour l&#039;alimentation et autres produits de premi\u00e8re n\u00e9cessit\u00e9. <strong>Cette ann\u00e9e, 5% de tous les dons \u00e0 Latin Pride seront vers\u00e9s \u00e0 ce fonds. <\/strong><\/p>\n\n<div  class=\"appear-on-scroll wp-block-buttons is-layout-flex wp-block-buttons-is-layout-flex\" >\n<div class=\"wp-block-button\"><a class=\"wp-block-button__link wp-element-button\" href=\"https:\/\/crm.bloomerang.co\/HostedDonation?ApiKey=pub_5e71e019-e5ad-11ec-b5ee-066e3d38bc77&amp;WidgetId=13005824\" target=\"_blank\" rel=\"noreferrer noopener\"><span class=\"label\">Soutenez la fiert\u00e9 latine et le fonds d&#039;urgence<\/span><\/a><\/div>\n<\/div>\n\n<h3  class=\"appear-on-scroll wp-block-heading\" ><span class=\"text\">Financer les activit\u00e9s de notre association de parents d&#039;\u00e9l\u00e8ves de la 2e rue (PFA)<\/span><\/h3>\n\n<p class=\"appear-on-scroll\">Vos dons \u00e0 Latin Pride financent \u00e9galement notre Association des parents d&#039;\u00e9l\u00e8ves, qui contribue \u00e0 la collecte de fonds pour l&#039;\u00e9cole, notamment pour son budget annuel. Ces fonds permettent de financer des activit\u00e9s familiales, comme la F\u00eate d&#039;automne dont nous avons \u00e9t\u00e9 si nombreux \u00e0 profiter le mois dernier\u00a0: jeux, divertissements, nourriture et boissons \u00e9taient offerts gratuitement \u00e0 notre communaut\u00e9 latine, gr\u00e2ce aux dons des familles des deux campus \u00e0 cette campagne. Parmi les autres \u00e9v\u00e9nements, citons le soutien au bal de fin d&#039;ann\u00e9e, l&#039;octroi de subventions aux enseignants pour leurs cours, la remise de cadeaux \u00e0 tous les enseignants chaque ann\u00e9e en d\u00e9cembre, et bien plus encore.<\/p>\n\n\n<script src=\"https:\/\/s3-us-west-2.amazonaws.com\/bloomerang-public-cdn\/washingtonlatinpubliccharterschool\/.widget-js\/13005824.js\" type=\"text\/javascript\"><\/script>","protected":false},"excerpt":{"rendered":"<p>Latin Pride est notre campagne annuelle qui soutient les \u00e9l\u00e9ments essentiels d&#039;une \u00e9ducation latine \u00e0 Washington\u00a0: un enseignement d&#039;excellence, des classes \u00e0 effectifs r\u00e9duits et une communaut\u00e9 chaleureuse. Rejoignez-nous\u00a0! Qu&#039;est-ce que Latin Pride\u00a0? Chaque\u2026<\/p>","protected":false},"author":1,"featured_media":26141,"parent":128,"menu_order":0,"comment_status":"closed","ping_status":"closed","template":"","meta":{"featured_image_background_position":"","background-color":"","secondary-color":"","highlight-color":"","color":"","hide-navigation":false,"footnotes":""},"class_list":["post-134","page","type-page","status-publish","has-post-thumbnail","hentry"],"yoast_head":"<!-- This site is optimized with the Yoast SEO plugin v25.6 - https:\/\/yoast.com\/wordpress\/plugins\/seo\/ -->\n<title>Contribute to 2nd Street - Washington Latin Public Charter Schools<\/title>\n<meta name=\"robots\" content=\"index, follow, max-snippet:-1, max-image-preview:large, max-video-preview:-1\" \/>\n<link rel=\"canonical\" href=\"https:\/\/latinpcs.org\/fr\/2ndst\/contribute-to-2nd-st\/\" \/>\n<meta property=\"og:locale\" content=\"fr_FR\" \/>\n<meta property=\"og:type\" content=\"article\" \/>\n<meta property=\"og:title\" content=\"Contribute to 2nd Street - Washington Latin Public Charter Schools\" \/>\n<meta property=\"og:description\" content=\"Latin Pride is our annual campaign that supports the essential elements of a Washington Latin education: excellent teaching, small classes, and warm community. Join us! What is Latin Pride? Each &hellip;\" \/>\n<meta property=\"og:url\" content=\"https:\/\/latinpcs.org\/fr\/2ndst\/contribute-to-2nd-st\/\" \/>\n<meta property=\"og:site_name\" content=\"Washington Latin Public Charter Schools\" \/>\n<meta property=\"article:publisher\" content=\"https:\/\/www.facebook.com\/WashingtonLatinPCS\/\" \/>\n<meta property=\"article:modified_time\" content=\"2025-11-21T11:32:21+00:00\" \/>\n<meta property=\"og:image\" content=\"https:\/\/latinpcs.org\/wp-content\/uploads\/2025\/11\/leo-at-fall-fest-2025.jpg\" \/>\n\t<meta property=\"og:image:width\" content=\"1000\" \/>\n\t<meta property=\"og:image:height\" content=\"1000\" \/>\n\t<meta property=\"og:image:type\" content=\"image\/jpeg\" \/>\n<meta name=\"twitter:card\" content=\"summary_large_image\" \/>\n<meta name=\"twitter:label1\" content=\"Est. reading time\" \/>\n\t<meta name=\"twitter:data1\" content=\"2 minutes\" \/>\n<script type=\"application\/ld+json\" class=\"yoast-schema-graph\">{\"@context\":\"https:\/\/schema.org\",\"@graph\":[{\"@type\":\"WebPage\",\"@id\":\"https:\/\/latinpcs.org\/2ndst\/contribute-to-2nd-st\/\",\"url\":\"https:\/\/latinpcs.org\/2ndst\/contribute-to-2nd-st\/\",\"name\":\"Contribute to 2nd Street - Washington Latin Public Charter Schools\",\"isPartOf\":{\"@id\":\"https:\/\/latinpcs.org\/#website\"},\"primaryImageOfPage\":{\"@id\":\"https:\/\/latinpcs.org\/2ndst\/contribute-to-2nd-st\/#primaryimage\"},\"image\":{\"@id\":\"https:\/\/latinpcs.org\/2ndst\/contribute-to-2nd-st\/#primaryimage\"},\"thumbnailUrl\":\"https:\/\/latinpcs.org\/wp-content\/uploads\/2025\/11\/leo-at-fall-fest-2025.jpg\",\"datePublished\":\"2025-06-27T20:07:04+00:00\",\"dateModified\":\"2025-11-21T11:32:21+00:00\",\"breadcrumb\":{\"@id\":\"https:\/\/latinpcs.org\/2ndst\/contribute-to-2nd-st\/#breadcrumb\"},\"inLanguage\":\"fr-FR\",\"potentialAction\":[{\"@type\":\"ReadAction\",\"target\":[\"https:\/\/latinpcs.org\/2ndst\/contribute-to-2nd-st\/\"]}]},{\"@type\":\"ImageObject\",\"inLanguage\":\"fr-FR\",\"@id\":\"https:\/\/latinpcs.org\/2ndst\/contribute-to-2nd-st\/#primaryimage\",\"url\":\"https:\/\/latinpcs.org\/wp-content\/uploads\/2025\/11\/leo-at-fall-fest-2025.jpg\",\"contentUrl\":\"https:\/\/latinpcs.org\/wp-content\/uploads\/2025\/11\/leo-at-fall-fest-2025.jpg\",\"width\":1000,\"height\":1000},{\"@type\":\"BreadcrumbList\",\"@id\":\"https:\/\/latinpcs.org\/2ndst\/contribute-to-2nd-st\/#breadcrumb\",\"itemListElement\":[{\"@type\":\"ListItem\",\"position\":1,\"name\":\"Home\",\"item\":\"https:\/\/latinpcs.org\/\"},{\"@type\":\"ListItem\",\"position\":2,\"name\":\"2nd Street Families\",\"item\":\"https:\/\/latinpcs.org\/2ndst\/\"},{\"@type\":\"ListItem\",\"position\":3,\"name\":\"Contribute to 2nd Street\"}]},{\"@type\":\"WebSite\",\"@id\":\"https:\/\/latinpcs.org\/#website\",\"url\":\"https:\/\/latinpcs.org\/\",\"name\":\"Washington Latin Public Charter Schools\",\"description\":\"Washington Latin Public Charter Schools, based in Washington, DC, offers a classical education for the modern world for students in grades 5-12 across two campuses.\",\"publisher\":{\"@id\":\"https:\/\/latinpcs.org\/#organization\"},\"potentialAction\":[{\"@type\":\"SearchAction\",\"target\":{\"@type\":\"EntryPoint\",\"urlTemplate\":\"https:\/\/latinpcs.org\/?s={search_term_string}\"},\"query-input\":{\"@type\":\"PropertyValueSpecification\",\"valueRequired\":true,\"valueName\":\"search_term_string\"}}],\"inLanguage\":\"fr-FR\"},{\"@type\":\"Organization\",\"@id\":\"https:\/\/latinpcs.org\/#organization\",\"name\":\"Washington Latin Public Charter Schools\",\"url\":\"https:\/\/latinpcs.org\/\",\"logo\":{\"@type\":\"ImageObject\",\"inLanguage\":\"fr-FR\",\"@id\":\"https:\/\/latinpcs.org\/#\/schema\/logo\/image\/\",\"url\":\"https:\/\/latinpcs.org\/wp-content\/uploads\/2025\/07\/Latin_logo_nknm_4c.svg\",\"contentUrl\":\"https:\/\/latinpcs.org\/wp-content\/uploads\/2025\/07\/Latin_logo_nknm_4c.svg\",\"width\":1,\"height\":1,\"caption\":\"Washington Latin Public Charter Schools\"},\"image\":{\"@id\":\"https:\/\/latinpcs.org\/#\/schema\/logo\/image\/\"},\"sameAs\":[\"https:\/\/www.facebook.com\/WashingtonLatinPCS\/\",\"https:\/\/www.instagram.com\/washingtonlatinpcs\/?hl=en\",\"https:\/\/www.linkedin.com\/school\/washington-latin-public-charter-schools\/\"]}]}<\/script>\n<!-- \/ Yoast SEO plugin. -->","yoast_head_json":{"title":"Contribuez \u00e0 2nd Street - Washington Latin Public Charter Schools","robots":{"index":"index","follow":"follow","max-snippet":"max-snippet:-1","max-image-preview":"max-image-preview:large","max-video-preview":"max-video-preview:-1"},"canonical":"https:\/\/latinpcs.org\/fr\/2ndst\/contribute-to-2nd-st\/","og_locale":"fr_FR","og_type":"article","og_title":"Contribute to 2nd Street - Washington Latin Public Charter Schools","og_description":"Latin Pride is our annual campaign that supports the essential elements of a Washington Latin education: excellent teaching, small classes, and warm community. Join us! What is Latin Pride? Each &hellip;","og_url":"https:\/\/latinpcs.org\/fr\/2ndst\/contribute-to-2nd-st\/","og_site_name":"Washington Latin Public Charter Schools","article_publisher":"https:\/\/www.facebook.com\/WashingtonLatinPCS\/","article_modified_time":"2025-11-21T11:32:21+00:00","og_image":[{"width":1000,"height":1000,"url":"https:\/\/latinpcs.org\/wp-content\/uploads\/2025\/11\/leo-at-fall-fest-2025.jpg","type":"image\/jpeg"}],"twitter_card":"summary_large_image","twitter_misc":{"Est. reading time":"2 minutes"},"schema":{"@context":"https:\/\/schema.org","@graph":[{"@type":"WebPage","@id":"https:\/\/latinpcs.org\/2ndst\/contribute-to-2nd-st\/","url":"https:\/\/latinpcs.org\/2ndst\/contribute-to-2nd-st\/","name":"Contribuez \u00e0 2nd Street - Washington Latin Public Charter Schools","isPartOf":{"@id":"https:\/\/latinpcs.org\/#website"},"primaryImageOfPage":{"@id":"https:\/\/latinpcs.org\/2ndst\/contribute-to-2nd-st\/#primaryimage"},"image":{"@id":"https:\/\/latinpcs.org\/2ndst\/contribute-to-2nd-st\/#primaryimage"},"thumbnailUrl":"https:\/\/latinpcs.org\/wp-content\/uploads\/2025\/11\/leo-at-fall-fest-2025.jpg","datePublished":"2025-06-27T20:07:04+00:00","dateModified":"2025-11-21T11:32:21+00:00","breadcrumb":{"@id":"https:\/\/latinpcs.org\/2ndst\/contribute-to-2nd-st\/#breadcrumb"},"inLanguage":"fr-FR","potentialAction":[{"@type":"ReadAction","target":["https:\/\/latinpcs.org\/2ndst\/contribute-to-2nd-st\/"]}]},{"@type":"ImageObject","inLanguage":"fr-FR","@id":"https:\/\/latinpcs.org\/2ndst\/contribute-to-2nd-st\/#primaryimage","url":"https:\/\/latinpcs.org\/wp-content\/uploads\/2025\/11\/leo-at-fall-fest-2025.jpg","contentUrl":"https:\/\/latinpcs.org\/wp-content\/uploads\/2025\/11\/leo-at-fall-fest-2025.jpg","width":1000,"height":1000},{"@type":"BreadcrumbList","@id":"https:\/\/latinpcs.org\/2ndst\/contribute-to-2nd-st\/#breadcrumb","itemListElement":[{"@type":"ListItem","position":1,"name":"Home","item":"https:\/\/latinpcs.org\/"},{"@type":"ListItem","position":2,"name":"2nd Street Families","item":"https:\/\/latinpcs.org\/2ndst\/"},{"@type":"ListItem","position":3,"name":"Contribute to 2nd Street"}]},{"@type":"WebSite","@id":"https:\/\/latinpcs.org\/#website","url":"https:\/\/latinpcs.org\/","name":"\u00c9coles publiques \u00e0 charte latine de Washington","description":"Washington Latin Public Charter Schools, bas\u00e9 \u00e0 Washington, DC, propose une \u00e9ducation classique pour le monde moderne aux \u00e9l\u00e8ves de la 5e \u00e0 la 12e ann\u00e9e sur deux campus.","publisher":{"@id":"https:\/\/latinpcs.org\/#organization"},"potentialAction":[{"@type":"SearchAction","target":{"@type":"EntryPoint","urlTemplate":"https:\/\/latinpcs.org\/?s={search_term_string}"},"query-input":{"@type":"PropertyValueSpecification","valueRequired":true,"valueName":"search_term_string"}}],"inLanguage":"fr-FR"},{"@type":"Organization","@id":"https:\/\/latinpcs.org\/#organization","name":"\u00c9coles publiques \u00e0 charte latine de Washington","url":"https:\/\/latinpcs.org\/","logo":{"@type":"ImageObject","inLanguage":"fr-FR","@id":"https:\/\/latinpcs.org\/#\/schema\/logo\/image\/","url":"https:\/\/latinpcs.org\/wp-content\/uploads\/2025\/07\/Latin_logo_nknm_4c.svg","contentUrl":"https:\/\/latinpcs.org\/wp-content\/uploads\/2025\/07\/Latin_logo_nknm_4c.svg","width":1,"height":1,"caption":"Washington Latin Public Charter Schools"},"image":{"@id":"https:\/\/latinpcs.org\/#\/schema\/logo\/image\/"},"sameAs":["https:\/\/www.facebook.com\/WashingtonLatinPCS\/","https:\/\/www.instagram.com\/washingtonlatinpcs\/?hl=en","https:\/\/www.linkedin.com\/school\/washington-latin-public-charter-schools\/"]}]}},"_links":{"self":[{"href":"https:\/\/latinpcs.org\/fr\/wp-json\/wp\/v2\/pages\/134","targetHints":{"allow":["GET"]}}],"collection":[{"href":"https:\/\/latinpcs.org\/fr\/wp-json\/wp\/v2\/pages"}],"about":[{"href":"https:\/\/latinpcs.org\/fr\/wp-json\/wp\/v2\/types\/page"}],"author":[{"embeddable":true,"href":"https:\/\/latinpcs.org\/fr\/wp-json\/wp\/v2\/users\/1"}],"replies":[{"embeddable":true,"href":"https:\/\/latinpcs.org\/fr\/wp-json\/wp\/v2\/comments?post=134"}],"version-history":[{"count":0,"href":"https:\/\/latinpcs.org\/fr\/wp-json\/wp\/v2\/pages\/134\/revisions"}],"up":[{"embeddable":true,"href":"https:\/\/latinpcs.org\/fr\/wp-json\/wp\/v2\/pages\/128"}],"wp:featuredmedia":[{"embeddable":true,"href":"https:\/\/latinpcs.org\/fr\/wp-json\/wp\/v2\/media\/26141"}],"wp:attachment":[{"href":"https:\/\/latinpcs.org\/fr\/wp-json\/wp\/v2\/media?parent=134"}],"curies":[{"name":"wp","href":"https:\/\/api.w.org\/{rel}","templated":true}]}}