{"id":23720,"date":"2025-07-17T15:09:37","date_gmt":"2025-07-17T15:09:37","guid":{"rendered":"https:\/\/latinpcs.org\/?post_type=resource&#038;p=23720"},"modified":"2026-04-13T18:30:41","modified_gmt":"2026-04-13T18:30:41","slug":"valediction","status":"publish","type":"resource","link":"https:\/\/latinpcs.org\/es\/resources\/2025\/07\/valediction\/","title":{"rendered":"Despedida"},"content":{"rendered":"<p  class=\"appear-on-scroll is-style-intro\" >La despedida significa decir adi\u00f3s. Estas celebraciones son importantes en Washington Latin: re\u00fanen a los miembros de la comunidad para cerrar el a\u00f1o escolar y despedir al profesorado que se marcha.\u00a0<\/p>\n\n<h3  class=\"appear-on-scroll wp-block-heading\" ><span class=\"text\">Nota Bene!<\/span><\/h3>\n\n<p class=\"appear-on-scroll\">La informaci\u00f3n de esta gu\u00eda es general y tiene como objetivo ayudar a comprender las tradiciones de la ceremonia de graduaci\u00f3n de Washington Latin. \u00a1Est\u00e9n atentos a los anuncios sobre los detalles espec\u00edficos del a\u00f1o en curso!<\/p>\n\n<h2  class=\"appear-on-scroll wp-block-heading\" ><span class=\"text\">\u00bfQu\u00e9 es la despedida?<\/span><\/h2>\n\n<p class=\"appear-on-scroll\">Las ceremonias de despedida son similares a nuestras asambleas de lat\u00edn de Washington, pero con un significado a\u00fan mayor. Incluyen m\u00fasica, discursos, lecturas, premios para estudiantes y despedidas de los alumnos a los profesores que se marchan al final del curso. Generalmente, solo asisten estudiantes y profesores (en parte debido a las limitaciones de espacio). En el caso de los estudiantes que recibir\u00e1n un premio, avisamos a sus familias para que puedan presenciarlo entre el p\u00fablico.<\/p>\n\n<h3  class=\"appear-on-scroll wp-block-heading\" ><span class=\"text\">D\u00f3nde<\/span><\/h3>\n\n<p class=\"appear-on-scroll\">Las ceremonias de despedida se celebran en cada campus, en la sala de usos m\u00faltiples (2nd Street) o en el espacio del teatro (Cooper). <\/p>\n\n<h3  class=\"appear-on-scroll wp-block-heading\" ><span class=\"text\">Tener puesto<\/span><\/h3>\n\n<p class=\"appear-on-scroll\">Por lo general, los estudiantes usan uniforme para las ceremonias de graduaci\u00f3n, excepto aquellos que pasan a un curso superior (alumnos de octavo grado y de \u00faltimo a\u00f1o). Se anima a los estudiantes de estos grados a que se vistan elegantes y formales.<\/p>\n\n<h3  class=\"appear-on-scroll wp-block-heading\" ><span class=\"text\">Cuando<\/span><\/h3>\n\n<p class=\"appear-on-scroll\">Las ceremonias de despedida suelen celebrarse el jueves y el viernes anteriores a la graduaci\u00f3n (que tradicionalmente tiene lugar el lunes de la tercera semana de junio). <\/p>\n\n<h4  class=\"appear-on-scroll wp-block-heading\" ><span class=\"text\">Premios<\/span><\/h4>\n\n<p class=\"appear-on-scroll\">Existen diversos premios que los estudiantes pueden recibir por sus logros acad\u00e9micos, art\u00edsticos, deportivos, as\u00ed como por su compromiso c\u00edvico y sus contribuciones a la comunidad. Los profesores nominan a los estudiantes y el equipo del campus decide qu\u00e9 dos estudiantes recibir\u00e1n cada premio. <\/p>\n\n<div id=\"read-more-about-awards\" class=\"wp-block-theme-blocks-expandable appear-on-scroll theme-block has-layout-center expand\"><div role=\"button\" tabindex=\"0\" class=\"block-question appear-on-scroll heading h4\">Lea m\u00e1s sobre los premios.<\/div><div class=\"block-answer\" style=\"display:none;\">\n<ul  class=\"appear-on-scroll wp-block-list\" >\n<li><strong>El premio al estudiante-atleta<\/strong> Este premio se otorga cada a\u00f1o a dos atletas graduados que realmente representan lo mejor de lo que significa ser un estudiante-atleta en Latin. Estos atletas deben tener un promedio general de calificaciones de 3.0 o superior, haber participado en al menos dos deportes durante su \u00faltimo a\u00f1o y haber demostrado las cualidades de liderazgo de un estudiante-atleta ejemplar.<\/li>\n\n\n\n<li><strong>El premio de arte<\/strong> Este reconocimiento rinde homenaje a los estudiantes cuyo talento, dedicaci\u00f3n y creatividad les han permitido alcanzar la excelencia en sus actividades art\u00edsticas.\u00a0<\/li>\n\n\n\n<li><strong>Premio al estudiante con mayor progreso<\/strong> Este premio se otorga a los estudiantes que han demostrado la mayor mejora general en sus habilidades y rendimiento acad\u00e9mico durante el a\u00f1o escolar.<\/li>\n\n\n\n<li><strong>El Premio Civitas o de Ciudadan\u00eda<\/strong> Se otorga a los estudiantes cuyo comportamiento y colaboraci\u00f3n con sus compa\u00f1eros establecen un alto est\u00e1ndar para nuestra comunidad.<\/li>\n\n\n\n<li><strong>El Premio al Logro Acad\u00e9mico<\/strong> Este premio se otorga a los estudiantes que mejor encarnan la visi\u00f3n de la escuela de un estudiante deseoso de aprender y dispuesto a trabajar, y que, por el placer de aprender, ha demostrado constantemente curiosidad y capacidad intelectual.<\/li>\n\n\n\n<li><strong>El <em>Sumus Leones <\/em>Otorgar<\/strong> Este premio reconoce a los estudiantes cuyos logros abarcan m\u00faltiples \u00e1reas de la vida escolar y comunitaria. Quienes lo reciben han establecido nuevos est\u00e1ndares de excelencia en nuestra comunidad escolar y sirven de ejemplo para sus compa\u00f1eros y futuros estudiantes. Encarnan plenamente las caracter\u00edsticas que Washington Latin busca inculcar en sus alumnos.<\/li>\n\n\n\n<li><strong>El premio al servicio <\/strong>Los adultos mayores han superado con creces las 100 horas de servicio comunitario requeridas. Han ayudado a la comunidad de Washington D.C. en general y, sin duda, a nuestra propia comunidad latina con su dedicaci\u00f3n al trabajo arduo y al servicio a los dem\u00e1s.<\/li>\n<\/ul>\n<\/div><\/div>\n\n<h2  class=\"appear-on-scroll wp-block-heading\" ><span class=\"text\">Despedida en Cooper<\/span><\/h2>\n\n<h3  class=\"appear-on-scroll wp-block-heading\" ><span class=\"text\">Ceremonia de despedida para alumnos de 5.\u00ba a 7.\u00ba grado<\/span><\/h3>\n\n<p class=\"appear-on-scroll\">La ceremonia de despedida de 5.\u00ba a 7.\u00ba grado ser\u00e1 la primera, a partir de las 8:30 a. m. Los estudiantes deber\u00e1n venir uniformados y saldr\u00e1n a las 10:00 a. m. despu\u00e9s de la ceremonia para comenzar las vacaciones de verano.\u00a0<\/p>\n\n<p class=\"appear-on-scroll\">Tenga en cuenta que ofrecemos a los estudiantes de Cooper que sean hermanos de alumnos de 8.\u00ba grado la posibilidad de ver la transmisi\u00f3n en vivo en el campus. Posteriormente, podr\u00e1n unirse a sus familias para la recepci\u00f3n de 8.\u00ba grado. Dependiendo del espacio disponible, tambi\u00e9n se ofrecer\u00e1 la transmisi\u00f3n en vivo a los alumnos de 7.\u00ba grado. Estos deber\u00e1n registrarse y retirarse una vez finalizada la ceremonia de despedida (alrededor de las 11:30). Est\u00e9 atento a los detalles sobre la opci\u00f3n de transmisi\u00f3n en vivo para la ceremonia de este a\u00f1o, que generalmente se publican en mayo.<\/p>\n\n<h3  class=\"appear-on-scroll wp-block-heading\" ><span class=\"text\">Ceremonia de despedida para los alumnos de octavo grado.<\/span><\/h3>\n\n<p class=\"appear-on-scroll\">En Cooper, al igual que en 2nd Street, nuestros alumnos de octavo grado son homenajeados al terminar la escuela intermedia y pasar a la escuela preparatoria. Esto significa que la ceremonia es un poco m\u00e1s larga, ya que incluye la presentaci\u00f3n de cada tutor al escenario para que reciban un certificado y estrechen la mano de su tutor de octavo grado y del director.<\/p>\n\n<p class=\"appear-on-scroll\">Otra diferencia para los alumnos de octavo grado: invitamos a sus padres o tutores a que nos acompa\u00f1en. Debido a las limitaciones de espacio, generalmente limitamos el n\u00famero de asistentes (por ejemplo, dos familiares por alumno de octavo grado). Los alumnos llegan a tiempo para el inicio (normalmente a las 10:00 a. m.) y no es necesario que lleven uniforme; \u00a1pueden vestirse un poco mejor! <\/p>\n\n<p class=\"appear-on-scroll\">La Asociaci\u00f3n de Padres y Profesores ofrecer\u00e1 una recepci\u00f3n para los alumnos de octavo grado y sus invitados a la ceremonia de despedida inmediatamente despu\u00e9s de que finalice la misma. Se ofrecer\u00e1n refrigerios ligeros.<\/p>\n\n<h3  class=\"appear-on-scroll wp-block-heading\" ><span class=\"text\">Ceremonia de despedida para los alumnos de secundaria.<\/span><\/h3>\n\n<p class=\"appear-on-scroll\">Como campus joven, estamos estableciendo nuestras tradiciones para la ceremonia de graduaci\u00f3n de los alumnos de los \u00faltimos cursos. A medida que finalicemos los planes para el presente a\u00f1o, compartiremos la informaci\u00f3n con las familias. \u00a1Mant\u00e9nganse al tanto!<\/p>\n\n<h2  class=\"appear-on-scroll wp-block-heading\" ><span class=\"text\">Despedidas en la 2\u00aa calle<\/span><\/h2>\n\n<p class=\"appear-on-scroll\">En la escuela 2nd Street, hemos establecido la tradici\u00f3n de celebrar tres ceremonias de graduaci\u00f3n: para los alumnos de 5.\u00ba y 6.\u00ba grado, para los de 7.\u00ba y 8.\u00ba grado, y para todos los alumnos de los \u00faltimos cursos. A continuaci\u00f3n, encontrar\u00e1 una descripci\u00f3n general de cada una.<\/p>\n\n<h3  class=\"appear-on-scroll wp-block-heading\" ><span class=\"text\">Ceremonia de despedida para los alumnos de secundaria.<\/span><\/h3>\n\n<p class=\"appear-on-scroll\">Las ceremonias de despedida de la escuela secundaria 2nd Street se llevan a cabo el jueves anterior a la graduaci\u00f3n del lunes. Todos los estudiantes de 5.\u00ba a 7.\u00ba grado deben presentarse en la escuela a la hora habitual para sus ceremonias de despedida. Todos los estudiantes deben usar uniforme. A continuaci\u00f3n se muestran los horarios generales de estas ceremonias:<\/p>\n\n<ul  class=\"appear-on-scroll wp-block-list\" >\n<li>La ceremonia de despedida de los alumnos de quinto y sexto grado generalmente comienza a las 8:30 de la ma\u00f1ana.<\/li>\n\n\n\n<li>La ceremonia de despedida de los alumnos de s\u00e9ptimo y octavo grado generalmente se lleva a cabo a continuaci\u00f3n, comenzando a las 10:30 de la ma\u00f1ana.<\/li>\n\n\n\n<li>Cuando no est\u00e1n en su ceremonia de graduaci\u00f3n, los estudiantes est\u00e1n en sus aulas de tutor\u00eda vaciando sus taquillas o casilleros (y pas\u00e1ndoselo bien).<\/li>\n<\/ul>\n\n<h4  class=\"appear-on-scroll wp-block-heading\" ><span class=\"text\">Alumnos de octavo grado y despedida<\/span><\/h4>\n\n<p class=\"appear-on-scroll\">La ceremonia de despedida marca una etapa importante para nuestros alumnos de octavo grado, ya que pasan de la escuela intermedia a la secundaria. Al finalizar la ceremonia, cada grupo de tutor\u00eda de octavo grado sube al escenario, y cada estudiante recibe un certificado y luego saluda a su tutor, al director y al director de la escuela intermedia. Invitamos a un m\u00e1ximo de dos adultos por cada alumno de octavo grado a asistir a la ceremonia y luego a la recepci\u00f3n organizada por la Asociaci\u00f3n de Padres y Maestros inmediatamente despu\u00e9s. Se ofrecen refrigerios ligeros. Esta recepci\u00f3n generalmente termina al mediod\u00eda y se extiende hasta la 1:00 p. m.<\/p>\n\n<h3  class=\"appear-on-scroll wp-block-heading\" ><span class=\"text\">Ceremonia de despedida de la escuela secundaria<\/span><\/h3>\n\n<p class=\"appear-on-scroll\">La ceremonia de despedida de los alumnos de los \u00faltimos cursos es para todos los grados. Esta ceremonia suele tener lugar el viernes anterior a la graduaci\u00f3n, de 10:00 a 12:00. La asistencia es obligatoria para todos los alumnos de \u00faltimo curso y se recomienda para los alumnos de 9.\u00ba a 11.\u00ba grado. Debido a la limitaci\u00f3n de espacio, las familias solo podr\u00e1n asistir si son invitadas por un miembro de la administraci\u00f3n. Inmediatamente despu\u00e9s de la ceremonia, se ofrece un almuerzo para los alumnos de \u00faltimo curso y el profesorado en el campus, seguido de un ensayo general obligatorio para la graduaci\u00f3n en la Universidad del Distrito de Columbia (UDC). Se proporciona transporte, pero los alumnos pueden salir de la UDC sin regresar al campus.<\/p>","protected":false},"excerpt":{"rendered":"<p>Despedirse significa decir adi\u00f3s. Estas celebraciones re\u00fanen a la comunidad latina para cerrar el a\u00f1o escolar.<\/p>","protected":false},"featured_media":0,"template":"","meta":{"featured_image_background_position":"","enclosure":"","video":"","promoted":false,"priority":"","footnotes":""},"categories":[],"campus":[22],"resource-category":[16],"class_list":["post-23720","resource","type-resource","status-publish","hentry","campus-latin-wide","resource-category-latin-explainer"],"yoast_head":"<!-- This site is optimized with the Yoast SEO plugin v25.6 - https:\/\/yoast.com\/wordpress\/plugins\/seo\/ -->\n<title>Valediction - Washington Latin Public Charter Schools<\/title>\n<meta name=\"robots\" content=\"index, follow, max-snippet:-1, max-image-preview:large, max-video-preview:-1\" \/>\n<link rel=\"canonical\" href=\"https:\/\/latinpcs.org\/es\/resources\/2025\/07\/valediction\/\" \/>\n<meta property=\"og:locale\" content=\"es_MX\" \/>\n<meta property=\"og:type\" content=\"article\" \/>\n<meta property=\"og:title\" content=\"Valediction - Washington Latin Public Charter Schools\" \/>\n<meta property=\"og:description\" content=\"Valediction means to say farewell. These celebrations bring together the Latin community to close the school year.\" \/>\n<meta property=\"og:url\" content=\"https:\/\/latinpcs.org\/es\/resources\/2025\/07\/valediction\/\" \/>\n<meta property=\"og:site_name\" content=\"Washington Latin Public Charter Schools\" \/>\n<meta property=\"article:publisher\" content=\"https:\/\/www.facebook.com\/WashingtonLatinPCS\/\" \/>\n<meta property=\"article:modified_time\" content=\"2026-04-13T18:30:41+00:00\" \/>\n<meta property=\"og:image\" content=\"https:\/\/latinpcs.org\/wp-content\/uploads\/2025\/07\/latin-default-social-image.jpg\" \/>\n\t<meta property=\"og:image:width\" content=\"2000\" \/>\n\t<meta property=\"og:image:height\" content=\"1333\" \/>\n\t<meta property=\"og:image:type\" content=\"image\/jpeg\" \/>\n<meta name=\"twitter:card\" content=\"summary_large_image\" \/>\n<meta name=\"twitter:label1\" content=\"Est. reading time\" \/>\n\t<meta name=\"twitter:data1\" content=\"5 minutos\" \/>\n<script type=\"application\/ld+json\" class=\"yoast-schema-graph\">{\"@context\":\"https:\/\/schema.org\",\"@graph\":[{\"@type\":\"WebPage\",\"@id\":\"https:\/\/latinpcs.org\/resources\/2025\/07\/valediction\/\",\"url\":\"https:\/\/latinpcs.org\/resources\/2025\/07\/valediction\/\",\"name\":\"Valediction - Washington Latin Public Charter Schools\",\"isPartOf\":{\"@id\":\"https:\/\/latinpcs.org\/#website\"},\"datePublished\":\"2025-07-17T15:09:37+00:00\",\"dateModified\":\"2026-04-13T18:30:41+00:00\",\"breadcrumb\":{\"@id\":\"https:\/\/latinpcs.org\/resources\/2025\/07\/valediction\/#breadcrumb\"},\"inLanguage\":\"es\",\"potentialAction\":[{\"@type\":\"ReadAction\",\"target\":[\"https:\/\/latinpcs.org\/resources\/2025\/07\/valediction\/\"]}]},{\"@type\":\"BreadcrumbList\",\"@id\":\"https:\/\/latinpcs.org\/resources\/2025\/07\/valediction\/#breadcrumb\",\"itemListElement\":[{\"@type\":\"ListItem\",\"position\":1,\"name\":\"Home\",\"item\":\"https:\/\/latinpcs.org\/\"},{\"@type\":\"ListItem\",\"position\":2,\"name\":\"Resources\",\"item\":\"https:\/\/latinpcs.org\/resources\/\"},{\"@type\":\"ListItem\",\"position\":3,\"name\":\"Valediction\"}]},{\"@type\":\"WebSite\",\"@id\":\"https:\/\/latinpcs.org\/#website\",\"url\":\"https:\/\/latinpcs.org\/\",\"name\":\"Washington Latin Public Charter Schools\",\"description\":\"Washington Latin Public Charter Schools, based in Washington, DC, offers a classical education for the modern world for students in grades 5-12 across two campuses.\",\"publisher\":{\"@id\":\"https:\/\/latinpcs.org\/#organization\"},\"potentialAction\":[{\"@type\":\"SearchAction\",\"target\":{\"@type\":\"EntryPoint\",\"urlTemplate\":\"https:\/\/latinpcs.org\/?s={search_term_string}\"},\"query-input\":{\"@type\":\"PropertyValueSpecification\",\"valueRequired\":true,\"valueName\":\"search_term_string\"}}],\"inLanguage\":\"es\"},{\"@type\":\"Organization\",\"@id\":\"https:\/\/latinpcs.org\/#organization\",\"name\":\"Washington Latin Public Charter Schools\",\"url\":\"https:\/\/latinpcs.org\/\",\"logo\":{\"@type\":\"ImageObject\",\"inLanguage\":\"es\",\"@id\":\"https:\/\/latinpcs.org\/#\/schema\/logo\/image\/\",\"url\":\"https:\/\/latinpcs.org\/wp-content\/uploads\/2025\/07\/Latin_logo_nknm_4c.svg\",\"contentUrl\":\"https:\/\/latinpcs.org\/wp-content\/uploads\/2025\/07\/Latin_logo_nknm_4c.svg\",\"width\":1,\"height\":1,\"caption\":\"Washington Latin Public Charter Schools\"},\"image\":{\"@id\":\"https:\/\/latinpcs.org\/#\/schema\/logo\/image\/\"},\"sameAs\":[\"https:\/\/www.facebook.com\/WashingtonLatinPCS\/\",\"https:\/\/www.instagram.com\/washingtonlatinpcs\/?hl=en\",\"https:\/\/www.linkedin.com\/school\/washington-latin-public-charter-schools\/\"]}]}<\/script>\n<!-- \/ Yoast SEO plugin. -->","yoast_head_json":{"title":"Despedida - Washington Latin Public Charter Schools","robots":{"index":"index","follow":"follow","max-snippet":"max-snippet:-1","max-image-preview":"max-image-preview:large","max-video-preview":"max-video-preview:-1"},"canonical":"https:\/\/latinpcs.org\/es\/resources\/2025\/07\/valediction\/","og_locale":"es_MX","og_type":"article","og_title":"Valediction - Washington Latin Public Charter Schools","og_description":"Valediction means to say farewell. These celebrations bring together the Latin community to close the school year.","og_url":"https:\/\/latinpcs.org\/es\/resources\/2025\/07\/valediction\/","og_site_name":"Washington Latin Public Charter Schools","article_publisher":"https:\/\/www.facebook.com\/WashingtonLatinPCS\/","article_modified_time":"2026-04-13T18:30:41+00:00","og_image":[{"width":2000,"height":1333,"url":"https:\/\/latinpcs.org\/wp-content\/uploads\/2025\/07\/latin-default-social-image.jpg","type":"image\/jpeg"}],"twitter_card":"summary_large_image","twitter_misc":{"Est. reading time":"5 minutos"},"schema":{"@context":"https:\/\/schema.org","@graph":[{"@type":"WebPage","@id":"https:\/\/latinpcs.org\/resources\/2025\/07\/valediction\/","url":"https:\/\/latinpcs.org\/resources\/2025\/07\/valediction\/","name":"Despedida - Washington Latin Public Charter Schools","isPartOf":{"@id":"https:\/\/latinpcs.org\/#website"},"datePublished":"2025-07-17T15:09:37+00:00","dateModified":"2026-04-13T18:30:41+00:00","breadcrumb":{"@id":"https:\/\/latinpcs.org\/resources\/2025\/07\/valediction\/#breadcrumb"},"inLanguage":"es","potentialAction":[{"@type":"ReadAction","target":["https:\/\/latinpcs.org\/resources\/2025\/07\/valediction\/"]}]},{"@type":"BreadcrumbList","@id":"https:\/\/latinpcs.org\/resources\/2025\/07\/valediction\/#breadcrumb","itemListElement":[{"@type":"ListItem","position":1,"name":"Home","item":"https:\/\/latinpcs.org\/"},{"@type":"ListItem","position":2,"name":"Resources","item":"https:\/\/latinpcs.org\/resources\/"},{"@type":"ListItem","position":3,"name":"Valediction"}]},{"@type":"WebSite","@id":"https:\/\/latinpcs.org\/#website","url":"https:\/\/latinpcs.org\/","name":"Escuelas p\u00fablicas ch\u00e1rter latinas de Washington","description":"Washington Latin Public Charter Schools, con sede en Washington, DC, ofrece una educaci\u00f3n cl\u00e1sica para el mundo moderno para estudiantes de 5.\u00ba a 12.\u00ba grado en dos campus.","publisher":{"@id":"https:\/\/latinpcs.org\/#organization"},"potentialAction":[{"@type":"SearchAction","target":{"@type":"EntryPoint","urlTemplate":"https:\/\/latinpcs.org\/?s={search_term_string}"},"query-input":{"@type":"PropertyValueSpecification","valueRequired":true,"valueName":"search_term_string"}}],"inLanguage":"es"},{"@type":"Organization","@id":"https:\/\/latinpcs.org\/#organization","name":"Escuelas p\u00fablicas ch\u00e1rter latinas de Washington","url":"https:\/\/latinpcs.org\/","logo":{"@type":"ImageObject","inLanguage":"es","@id":"https:\/\/latinpcs.org\/#\/schema\/logo\/image\/","url":"https:\/\/latinpcs.org\/wp-content\/uploads\/2025\/07\/Latin_logo_nknm_4c.svg","contentUrl":"https:\/\/latinpcs.org\/wp-content\/uploads\/2025\/07\/Latin_logo_nknm_4c.svg","width":1,"height":1,"caption":"Washington Latin Public Charter Schools"},"image":{"@id":"https:\/\/latinpcs.org\/#\/schema\/logo\/image\/"},"sameAs":["https:\/\/www.facebook.com\/WashingtonLatinPCS\/","https:\/\/www.instagram.com\/washingtonlatinpcs\/?hl=en","https:\/\/www.linkedin.com\/school\/washington-latin-public-charter-schools\/"]}]}},"rendered-html":"<div class=\"default appear-on-scroll post-23720 resource type-resource status-publish hentry campus-latin-wide resource-category-latin-explainer\" style=\"\">\n    \n\n        <a href=\"https:\/\/latinpcs.org\/es\/resources\/2025\/07\/valediction\/\" class=\"thumbnail\" aria-labelledby=\"p23720-title\" style=\"\"><\/a><h3 class=\"title heading h4\"><a href=\"https:\/\/latinpcs.org\/es\/resources\/2025\/07\/valediction\/\">Valediction<\/a><\/h3><div class=\"content\"><p>Valediction means to say farewell. These celebrations bring together the Latin community to close the school year.<\/p>\n<\/div>\n    \n<\/div>","_links":{"self":[{"href":"https:\/\/latinpcs.org\/es\/wp-json\/wp\/v2\/resource\/23720","targetHints":{"allow":["GET"]}}],"collection":[{"href":"https:\/\/latinpcs.org\/es\/wp-json\/wp\/v2\/resource"}],"about":[{"href":"https:\/\/latinpcs.org\/es\/wp-json\/wp\/v2\/types\/resource"}],"version-history":[{"count":0,"href":"https:\/\/latinpcs.org\/es\/wp-json\/wp\/v2\/resource\/23720\/revisions"}],"wp:attachment":[{"href":"https:\/\/latinpcs.org\/es\/wp-json\/wp\/v2\/media?parent=23720"}],"wp:term":[{"taxonomy":"category","embeddable":true,"href":"https:\/\/latinpcs.org\/es\/wp-json\/wp\/v2\/categories?post=23720"},{"taxonomy":"campus","embeddable":true,"href":"https:\/\/latinpcs.org\/es\/wp-json\/wp\/v2\/campus?post=23720"},{"taxonomy":"resource-category","embeddable":true,"href":"https:\/\/latinpcs.org\/es\/wp-json\/wp\/v2\/resource-category?post=23720"}],"curies":[{"name":"gracias","href":"https:\/\/api.w.org\/{rel}","templated":true}]}}