{"id":81,"date":"2025-06-27T19:49:03","date_gmt":"2025-06-27T19:49:03","guid":{"rendered":"https:\/\/latinpcs.org\/?page_id=81"},"modified":"2026-03-18T22:17:29","modified_gmt":"2026-03-18T22:17:29","slug":"latin-team","status":"publish","type":"page","link":"https:\/\/latinpcs.org\/es\/about\/latin-team\/","title":{"rendered":"El equipo latino"},"content":{"rendered":"<div  class=\"theme-block wp-block-group is-style-page-width is-layout-constrained wp-block-group-is-layout-constrained\" ><h2  class=\"appear-on-scroll wp-block-heading\" ><span class=\"text\">Liderazgo latino<\/span><\/h2>\n\n<div  class=\"theme-block wp-block-media-text has-media-on-the-right is-stacked-on-mobile is-style-default\"  style=\"grid-template-columns:auto 35%\"><div class=\"wp-block-media-text__content appear-on-scroll\"><h3  class=\"wp-block-heading\"  style=\"margin-bottom:var(--wp--preset--spacing--20)\"><a href=\"mailto:panderson@latinpcs.org\"><span class=\"text\">Peter Anderson<\/span><\/a><\/h3>\n\n<h4  class=\"wp-block-heading is-style-default\"  style=\"margin-top:0\"><span class=\"text\">Director de Escuelas y Director Ejecutivo<\/span><\/h4>\n\n<p class=\"\">Peter Anderson cuenta con m\u00e1s de 30 a\u00f1os de experiencia en educaci\u00f3n como docente, administrador y l\u00edder escolar. Asumi\u00f3 la direcci\u00f3n de Washington Latin en 2016, aportando su compromiso con el acceso equitativo a la educaci\u00f3n latina para los estudiantes de toda la capital del pa\u00eds. El Sr. Anderson forma parte de las juntas directivas de la Cooperativa de Educaci\u00f3n Especial de Escuelas Charter de DC, DC Charter School Action y la Junta de Loter\u00eda Com\u00fan de DC (que gestiona la loter\u00eda MySchoolDC). Fue miembro de la Beca de Educaci\u00f3n Pahara-Aspen (cohorte de 2018) y contin\u00faa sirviendo a su alma m\u00e1ter en diversos puestos. El Sr. Anderson tiene una licenciatura de Haverford College, una maestr\u00eda en Sociolog\u00eda de la London School of Economics y una maestr\u00eda en Educaci\u00f3n de la Universidad de Nueva York.<\/p><\/div><figure class=\"wp-block-media-text__media\"><img decoding=\"async\" width=\"600\" height=\"600\" data-src=\"https:\/\/latinpcs.org\/wp-content\/uploads\/2025\/07\/peter-anderson.jpg\" alt=\"\" class=\"wp-image-23882 size-full lazyload\" data-srcset=\"https:\/\/latinpcs.org\/wp-content\/uploads\/2025\/07\/peter-anderson.jpg 600w, https:\/\/latinpcs.org\/wp-content\/uploads\/2025\/07\/peter-anderson-300x300.jpg 300w, https:\/\/latinpcs.org\/wp-content\/uploads\/2025\/07\/peter-anderson-150x150.jpg 150w, https:\/\/latinpcs.org\/wp-content\/uploads\/2025\/07\/peter-anderson-12x12.jpg 12w, https:\/\/latinpcs.org\/wp-content\/uploads\/2025\/07\/peter-anderson-100x100.jpg 100w\" data-sizes=\"(max-width: 600px) 100vw, 600px\" src=\"data:image\/svg+xml;base64,PHN2ZyB3aWR0aD0iMSIgaGVpZ2h0PSIxIiB4bWxucz0iaHR0cDovL3d3dy53My5vcmcvMjAwMC9zdmciPjwvc3ZnPg==\" style=\"--smush-placeholder-width: 600px; --smush-placeholder-aspect-ratio: 600\/600;\" \/><\/figure><\/div>\n\n<div  class=\"theme-block wp-block-media-text is-stacked-on-mobile is-style-default\"  style=\"grid-template-columns:35% auto\"><figure class=\"wp-block-media-text__media\"><img decoding=\"async\" width=\"600\" height=\"600\" data-src=\"https:\/\/latinpcs.org\/wp-content\/uploads\/2025\/07\/Geovanna-2b-sm.jpg\" alt=\"\" class=\"wp-image-23884 size-full lazyload\" data-srcset=\"https:\/\/latinpcs.org\/wp-content\/uploads\/2025\/07\/Geovanna-2b-sm.jpg 600w, https:\/\/latinpcs.org\/wp-content\/uploads\/2025\/07\/Geovanna-2b-sm-300x300.jpg 300w, https:\/\/latinpcs.org\/wp-content\/uploads\/2025\/07\/Geovanna-2b-sm-150x150.jpg 150w, https:\/\/latinpcs.org\/wp-content\/uploads\/2025\/07\/Geovanna-2b-sm-12x12.jpg 12w, https:\/\/latinpcs.org\/wp-content\/uploads\/2025\/07\/Geovanna-2b-sm-100x100.jpg 100w\" data-sizes=\"(max-width: 600px) 100vw, 600px\" src=\"data:image\/svg+xml;base64,PHN2ZyB3aWR0aD0iMSIgaGVpZ2h0PSIxIiB4bWxucz0iaHR0cDovL3d3dy53My5vcmcvMjAwMC9zdmciPjwvc3ZnPg==\" style=\"--smush-placeholder-width: 600px; --smush-placeholder-aspect-ratio: 600\/600;\" \/><\/figure><div class=\"wp-block-media-text__content appear-on-scroll\"><h3  class=\"wp-block-heading\"  style=\"margin-bottom:var(--wp--preset--spacing--20)\"><a href=\"mailto:gizurieta@latinpcs.org\"><span class=\"text\">Geovanna Izurieta<\/span><\/a><\/h3>\n\n<h4  class=\"wp-block-heading is-style-default\"  style=\"margin-top:0\"><span class=\"text\">Director financiero<\/span><\/h4>\n\n<p class=\"\">Geovanna Izurieta lidera las operaciones financieras de Latin y supervisa los recursos humanos. Fue Directora de Finanzas de Latin entre 2011 y 2019 y, durante su gesti\u00f3n, ayud\u00f3 a Latin a obtener financiaci\u00f3n para el Campus 2nd Street. Tras varios a\u00f1os como Directora Financiera de la Escuela P\u00fablica Charter Briya, la Sra. Izurieta regres\u00f3 a Latin en 2023. Como Directora Financiera, colabora con la alta direcci\u00f3n y la Junta de Directores para gestionar todos los asuntos financieros, incluyendo la presupuestaci\u00f3n, los pagos y subvenciones gubernamentales, las cuentas por pagar y por cobrar, y m\u00e1s. Ha sido fundamental en la obtenci\u00f3n de financiaci\u00f3n para el proyecto 4301 Harewood para el Campus Anna Julia Cooper.<\/p><\/div><\/div>\n\n<div  class=\"theme-block wp-block-media-text has-media-on-the-right is-stacked-on-mobile is-style-default\"  style=\"grid-template-columns:auto 35%\"><div class=\"wp-block-media-text__content appear-on-scroll\"><h3  class=\"wp-block-heading\"  style=\"margin-bottom:var(--wp--preset--spacing--20)\"><a href=\"mailto:cgifford@latinpcs.org\"><span class=\"text\">Carolina Gifford<\/span><\/a><\/h3>\n\n<h4  class=\"wp-block-heading is-style-default\"  style=\"margin-top:0\"><span class=\"text\">Jefe de Escuelas<\/span><\/h4>\n\n<p class=\"\">Caroline Gifford es responsable de la prioridad estrat\u00e9gica de Latin relacionada con el crecimiento acad\u00e9mico y el rendimiento de todos los estudiantes. Capacita a los directores de ambos campus, garantiza que Latin cumpla con las normas educativas de DC (incluidas las pruebas estandarizadas anuales) y apoya el desarrollo del profesorado. La Sra. Gifford comenz\u00f3 su carrera docente en Washington Latin en 2007 antes de trasladarse a ense\u00f1ar en KIPP en California. Fue la directora fundadora de la primera escuela secundaria de dicha organizaci\u00f3n en San Francisco. La Sra. Gifford se reincorpor\u00f3 a la administraci\u00f3n de Washington Latin en 2021 para centrarse en el desarrollo de liderazgo y las iniciativas estrat\u00e9gicas, en particular la expansi\u00f3n de Latin. Adem\u00e1s de sus responsabilidades de liderazgo, imparte clases de Historia de los Estados Unidos de octavo grado en el campus de 2nd Street.<\/p><\/div><figure class=\"wp-block-media-text__media\"><img decoding=\"async\" width=\"600\" height=\"600\" data-src=\"https:\/\/latinpcs.org\/wp-content\/uploads\/2025\/07\/gifford.jpeg\" alt=\"\" class=\"wp-image-23886 size-full lazyload\" data-srcset=\"https:\/\/latinpcs.org\/wp-content\/uploads\/2025\/07\/gifford.jpeg 600w, https:\/\/latinpcs.org\/wp-content\/uploads\/2025\/07\/gifford-300x300.jpeg 300w, https:\/\/latinpcs.org\/wp-content\/uploads\/2025\/07\/gifford-150x150.jpeg 150w, https:\/\/latinpcs.org\/wp-content\/uploads\/2025\/07\/gifford-12x12.jpeg 12w, https:\/\/latinpcs.org\/wp-content\/uploads\/2025\/07\/gifford-100x100.jpeg 100w\" data-sizes=\"(max-width: 600px) 100vw, 600px\" src=\"data:image\/svg+xml;base64,PHN2ZyB3aWR0aD0iMSIgaGVpZ2h0PSIxIiB4bWxucz0iaHR0cDovL3d3dy53My5vcmcvMjAwMC9zdmciPjwvc3ZnPg==\" style=\"--smush-placeholder-width: 600px; --smush-placeholder-aspect-ratio: 600\/600;\" \/><\/figure><\/div>\n\n<div  class=\"theme-block wp-block-media-text is-stacked-on-mobile is-style-default\"  style=\"grid-template-columns:35% auto\"><figure class=\"wp-block-media-text__media\"><img decoding=\"async\" width=\"600\" height=\"600\" data-src=\"https:\/\/latinpcs.org\/wp-content\/uploads\/2025\/07\/Diana-Smith2.jpg\" alt=\"\" class=\"wp-image-23905 size-full lazyload\" data-srcset=\"https:\/\/latinpcs.org\/wp-content\/uploads\/2025\/07\/Diana-Smith2.jpg 600w, https:\/\/latinpcs.org\/wp-content\/uploads\/2025\/07\/Diana-Smith2-300x300.jpg 300w, https:\/\/latinpcs.org\/wp-content\/uploads\/2025\/07\/Diana-Smith2-150x150.jpg 150w, https:\/\/latinpcs.org\/wp-content\/uploads\/2025\/07\/Diana-Smith2-12x12.jpg 12w, https:\/\/latinpcs.org\/wp-content\/uploads\/2025\/07\/Diana-Smith2-100x100.jpg 100w\" data-sizes=\"(max-width: 600px) 100vw, 600px\" src=\"data:image\/svg+xml;base64,PHN2ZyB3aWR0aD0iMSIgaGVpZ2h0PSIxIiB4bWxucz0iaHR0cDovL3d3dy53My5vcmcvMjAwMC9zdmciPjwvc3ZnPg==\" style=\"--smush-placeholder-width: 600px; --smush-placeholder-aspect-ratio: 600\/600;\" \/><\/figure><div class=\"wp-block-media-text__content appear-on-scroll\"><h3  class=\"wp-block-heading\"  style=\"margin-bottom:var(--wp--preset--spacing--20)\"><a href=\"mailto:dsmith@latinpcs.org\"><span class=\"text\">Diana Smith<\/span><\/a><\/h3>\n\n<h4  class=\"wp-block-heading is-style-default\"  style=\"margin-top:0\"><span class=\"text\">Asesor principal<\/span><\/h4>\n\n<p class=\"\">La Dra. Diana Smith fue directora y l\u00edder acad\u00e9mica de Washington Latin durante 15 a\u00f1os a partir de 2008, tras varias d\u00e9cadas de experiencia docente y de liderazgo en escuelas p\u00fablicas y privadas. Con un doctorado en ingl\u00e9s de la Universidad de Virginia y una licenciatura en estudios cl\u00e1sicos de la Universidad de Princeton (Phi Beta Kappa), la Dra. Smith ahora trabaja en Washington Latin como asesora principal, encargada de garantizar que la misi\u00f3n cl\u00e1sica de Latin se comprenda e integre plenamente en toda la organizaci\u00f3n, trabajando en particular con los l\u00edderes acad\u00e9micos para refinar nuestro curr\u00edculo cl\u00e1sico y modelo de ense\u00f1anza. La Dra. Smith lider\u00f3 el esfuerzo de la organizaci\u00f3n para definir <a href=\"https:\/\/latinpcs.org\/es\/about\/our-values\/\">El Camino Latino<\/a>, que define la &quot;realidad vivida&quot; de la cultura de nuestras escuelas en cuatro principios. Tambi\u00e9n imparte clases en los campus de 2nd Street y Cooper, lo que refleja su pasi\u00f3n por la docencia y su compromiso de estar cerca del aula.<\/p><\/div><\/div>\n\n<div  class=\"theme-block wp-block-media-text has-media-on-the-right is-stacked-on-mobile is-style-default\"  style=\"grid-template-columns:auto 35%\"><div class=\"wp-block-media-text__content appear-on-scroll\"><h3  class=\"wp-block-heading\"  style=\"margin-bottom:var(--wp--preset--spacing--20)\"><a href=\"mailto:jkelly@latinpcs.org\"><span class=\"text\">James Kelly<\/span><\/a><\/h3>\n\n<h4  class=\"wp-block-heading is-style-default\"  style=\"margin-top:0\"><span class=\"text\">Director, Campus 2nd Street<\/span><\/h4>\n\n<p class=\"\">James (Jimmy) Kelly asumi\u00f3 el cargo de director de Washington Latin en julio de 2021, tras haber sido subdirector y director de la escuela secundaria. Antes de incorporarse al profesorado de Washington Latin, el Sr. Kelly fue director de PrepNext en DC Prep Public Charter Schools. En 2011, cofund\u00f3 el programa de acceso a la universidad Inspire STL, que apoya a estudiantes desde s\u00e9ptimo grado hasta la graduaci\u00f3n universitaria, ofreciendo tutor\u00edas y coaching, ayud\u00e1ndolos a obtener ayuda financiera y a facilitarles el acceso a la universidad. El Sr. Kelly comenz\u00f3 su carrera educativa justo despu\u00e9s de graduarse de la universidad como miembro del Cuerpo de Teach For America en St. Louis, Missouri. Contin\u00faa ense\u00f1ando matem\u00e1ticas de secundaria en Latin, especialmente \u00e1lgebra y geometr\u00eda. El Sr. Kelly tiene una licenciatura de Vassar y una maestr\u00eda en Educaci\u00f3n de la Universidad de Harvard. <\/p><\/div><figure class=\"wp-block-media-text__media\"><img decoding=\"async\" width=\"512\" height=\"512\" data-src=\"https:\/\/latinpcs.org\/wp-content\/uploads\/2025\/07\/Jimmy-Kelly-2-sq.jpg\" alt=\"\" class=\"wp-image-23889 size-full lazyload\" data-srcset=\"https:\/\/latinpcs.org\/wp-content\/uploads\/2025\/07\/Jimmy-Kelly-2-sq.jpg 512w, https:\/\/latinpcs.org\/wp-content\/uploads\/2025\/07\/Jimmy-Kelly-2-sq-300x300.jpg 300w, https:\/\/latinpcs.org\/wp-content\/uploads\/2025\/07\/Jimmy-Kelly-2-sq-150x150.jpg 150w, https:\/\/latinpcs.org\/wp-content\/uploads\/2025\/07\/Jimmy-Kelly-2-sq-12x12.jpg 12w, https:\/\/latinpcs.org\/wp-content\/uploads\/2025\/07\/Jimmy-Kelly-2-sq-100x100.jpg 100w\" data-sizes=\"(max-width: 512px) 100vw, 512px\" src=\"data:image\/svg+xml;base64,PHN2ZyB3aWR0aD0iMSIgaGVpZ2h0PSIxIiB4bWxucz0iaHR0cDovL3d3dy53My5vcmcvMjAwMC9zdmciPjwvc3ZnPg==\" style=\"--smush-placeholder-width: 512px; --smush-placeholder-aspect-ratio: 512\/512;\" \/><\/figure><\/div>\n\n<div  class=\"theme-block wp-block-media-text is-stacked-on-mobile is-style-default\"  style=\"grid-template-columns:35% auto\"><figure class=\"wp-block-media-text__media\"><img decoding=\"async\" width=\"600\" height=\"585\" data-src=\"https:\/\/latinpcs.org\/wp-content\/uploads\/2025\/07\/KRoberts.jpg\" alt=\"\" class=\"wp-image-23888 size-full lazyload\" data-srcset=\"https:\/\/latinpcs.org\/wp-content\/uploads\/2025\/07\/KRoberts.jpg 600w, https:\/\/latinpcs.org\/wp-content\/uploads\/2025\/07\/KRoberts-300x293.jpg 300w, https:\/\/latinpcs.org\/wp-content\/uploads\/2025\/07\/KRoberts-12x12.jpg 12w\" data-sizes=\"(max-width: 600px) 100vw, 600px\" src=\"data:image\/svg+xml;base64,PHN2ZyB3aWR0aD0iMSIgaGVpZ2h0PSIxIiB4bWxucz0iaHR0cDovL3d3dy53My5vcmcvMjAwMC9zdmciPjwvc3ZnPg==\" style=\"--smush-placeholder-width: 600px; --smush-placeholder-aspect-ratio: 600\/585;\" \/><\/figure><div class=\"wp-block-media-text__content appear-on-scroll\"><h3  class=\"wp-block-heading\"  style=\"margin-bottom:var(--wp--preset--spacing--20)\"><a href=\"mailto:kroberts@latinpcs.org\"><span class=\"text\">Khashiffa Roberts<\/span><\/a><\/h3>\n\n<h4  class=\"wp-block-heading is-style-default\"  style=\"margin-top:0\"><span class=\"text\">Director, Campus Cooper<\/span><\/h4>\n\n<p class=\"\">Khashiffa Roberts se incorpor\u00f3 a Washington Latin en 2010 como profesora de Educaci\u00f3n Especial, con un t\u00edtulo en periodismo de la Universidad Howard y una maestr\u00eda en Educaci\u00f3n Especial de la Universidad del Distrito de Columbia. Tras cinco a\u00f1os apoyando a nuestros estudiantes con discapacidades en colaboraci\u00f3n con el profesorado y las familias, la Sra. Roberts asumi\u00f3 responsabilidades administrativas, desempe\u00f1\u00e1ndose como Decana de Estudiantes, Directora de 12.\u00ba Grado, Directora de Educaci\u00f3n Especial y Subdirectora de Vida Estudiantil durante los siguientes cinco a\u00f1os. En cada uno de estos puestos, la Sra. Roberts se asegur\u00f3 de que los principios fundamentales de nuestro modelo cl\u00e1sico siguieran siendo fundamentales en nuestro trabajo diario, se reflejaran en nuestras pol\u00edticas y pr\u00e1cticas, y fueran claramente visibles en nuestras aulas y en la vida cotidiana del campus. Su liderazgo equilibr\u00f3 este enfoque integral con su constante dedicaci\u00f3n a nuestros estudiantes, alent\u00e1ndolos y apoy\u00e1ndolos en su crecimiento acad\u00e9mico y personal. <\/p><\/div><\/div><\/div>\n\n<div  class=\"appear-on-scroll wp-block-buttons is-layout-flex wp-block-buttons-is-layout-flex\" >\n<div class=\"wp-block-button\"><a class=\"wp-block-button__link wp-element-button\" href=\"\/es\/about\/latin-team\/latin-board\/\"><span class=\"label\">Ver el tablero latino<\/span><\/a><\/div>\n<\/div>\n\n\n<div style=\"height:50px\" aria-hidden=\"true\" class=\"wp-block-spacer\"><\/div>\n\n\n<div id=\"washington-latin-leadership-council\" class=\"wp-block-theme-blocks-expandable appear-on-scroll theme-block has-layout-center expand\"><div role=\"button\" tabindex=\"0\" class=\"block-question appear-on-scroll heading h4\">Consejo de Liderazgo Latino de Washington<\/div><div class=\"block-answer\" style=\"display:none;\">\n<p class=\"appear-on-scroll\">El Consejo de Liderazgo incluye a todos los jefes y directores, adem\u00e1s de los siguientes administradores:<\/p>\n\n<ul  class=\"appear-on-scroll wp-block-list\" >\n<li><strong><a href=\"mailto:kcromwell@latinpcs.org\">Kate Cromwell<\/a>,<\/strong> Director de Asuntos Externos<\/li>\n\n\n\n<li><strong><a href=\"mailto:belebyel@latinpcs.org\">Bob Eleby-El,<\/a><\/strong> Director de Atletismo<\/li>\n\n\n\n<li><strong><a href=\"mailto:mfleming@latinpcs.org\">Martita Fleming<\/a>,<\/strong> Director de operaciones<\/li>\n\n\n\n<li><strong><a href=\"mailto:ajesseman@latinpcs.org\">Ana Jesseman<\/a>,<\/strong> Director de Apoyo Estudiantil y Salud Mental<\/li>\n\n\n\n<li><strong><a href=\"mailto:clyon@latinpcs.org\">Carl Lyon<\/a>, <\/strong>Director General de Tecnolog\u00eda de la Informaci\u00f3n<\/li>\n\n\n\n<li><strong><a href=\"mailto:emoussa@latinpcs.org\">Ewing Moussa<\/a>,<\/strong> Director de Desarrollo<\/li>\n<\/ul>\n<\/div><\/div>\n\n<div id=\"2nd-street-campus-leadership-team\" class=\"wp-block-theme-blocks-expandable appear-on-scroll theme-block has-layout-center expand\"><div role=\"button\" tabindex=\"0\" class=\"block-question appear-on-scroll heading h4\">Equipo de liderazgo del campus de 2nd Street<\/div><div class=\"block-answer\" style=\"display:none;\">\n<ul  class=\"appear-on-scroll wp-block-list\" >\n<li><strong><a href=\"mailto:jkelly@latinpcs.org\">Jimmy Kelly<\/a>,<\/strong> Principal<\/li>\n\n\n\n<li><strong><a href=\"mailto:taustin@latinpcs.org\">Tiffany Austin<\/a>,<\/strong> Director de la escuela superior<\/li>\n\n\n\n<li><strong><a href=\"mailto:ebarroso@latinpcs.org\">Elaina Barroso<\/a>,<\/strong> Director de la escuela secundaria<\/li>\n\n\n\n<li><strong><a href=\"mailto:abrock@latinpcs.org\">Amy Brock<\/a>,<\/strong> Director de Justicia Restaurativa<\/li>\n\n\n\n<li><strong><a href=\"mailto:gdreux@latinpcs.org\">Gabrielle Dreux<\/a>,<\/strong> Subdirector de la escuela secundaria (9-10)<\/li>\n\n\n\n<li><strong><a href=\"mailto:shamm@latinpcs.org\">Sereena Hamm<\/a>,<\/strong> Director de Servicios de Informaci\u00f3n<\/li>\n\n\n\n<li><strong><a href=\"mailto:mkovach@latinpcs.org\">Meg Kovach<\/a>,<\/strong> Subdirector de la escuela secundaria (11-12)<\/li>\n\n\n\n<li><strong><a href=\"mailto:tpettiford@latinpcs.org\">Treshia Pettiford<\/a>,<\/strong> Decano de Cultura y Clima Escolar<\/li>\n\n\n\n<li><strong><a href=\"mailto:rspence@latinpcs.org\">Robin Spence<\/a>,<\/strong> Decano de Asuntos Acad\u00e9micos de la Escuela Secundaria<\/li>\n\n\n\n<li><strong><a href=\"mailto:sspiegel@latinpcs.org\">Sam Spiegel<\/a>,<\/strong>&nbsp;Subdirector de la escuela secundaria<\/li>\n\n\n\n<li><strong><a href=\"mailto:jtoews@latinpcs.org\">Julia Toews<\/a><\/strong>, Director de Orientaci\u00f3n Universitaria<\/li>\n<\/ul>\n<\/div><\/div>\n\n<div id=\"cooper-campus-leadership-team\" class=\"wp-block-theme-blocks-expandable appear-on-scroll theme-block has-layout-center expand\"><div role=\"button\" tabindex=\"0\" class=\"block-question appear-on-scroll heading h4\">Equipo de liderazgo del campus Cooper<\/div><div class=\"block-answer\" style=\"display:none;\">\n<ul  class=\"appear-on-scroll wp-block-list\" >\n<li><strong><a href=\"mailto:kroberts@latinpcs.org\">Khashiffa Roberts<\/a>,<\/strong> Principal<\/li>\n\n\n\n<li><strong><a href=\"mailto:bclausen@latinpcs.org\">Bill Clausen<\/a>, <\/strong>Subdirector Acad\u00e9mico<\/li>\n\n\n\n<li><strong><a href=\"mailto:lmoore@latinpcs.org\">Lisa Moore<\/a>,<\/strong> Director de Coaching, Aritm\u00e9tica y Evaluaci\u00f3n<\/li>\n\n\n\n<li><strong><a href=\"mailto:cnunn@latinpcs.org\">Carenda Nunn<\/a>,<\/strong> Decano de Vida Estudiantil y Cultura<\/li>\n\n\n\n<li><strong><a href=\"mailto:aosborne@latinpcs.org\">Anaka Osborne<\/a>,<\/strong> Director de la escuela secundaria<\/li>\n<\/ul>\n<\/div><\/div>","protected":false},"excerpt":{"rendered":"<p>Liderazgo Latino Peter Anderson, Director de Escuelas y Director Ejecutivo. Peter Anderson aporta m\u00e1s de 30 a\u00f1os de experiencia en educaci\u00f3n como docente, administrador y l\u00edder escolar. \u00c9l\u2026<\/p>","protected":false},"author":1,"featured_media":0,"parent":8,"menu_order":0,"comment_status":"closed","ping_status":"closed","template":"","meta":{"featured_image_background_position":"","background-color":"","secondary-color":"","highlight-color":"","color":"","hide-navigation":false,"footnotes":""},"class_list":["post-81","page","type-page","status-publish","hentry"],"yoast_head":"<!-- This site is optimized with the Yoast SEO plugin v25.6 - https:\/\/yoast.com\/wordpress\/plugins\/seo\/ -->\n<title>The Latin Team - Washington Latin Public Charter Schools<\/title>\n<meta name=\"robots\" content=\"index, follow, max-snippet:-1, max-image-preview:large, max-video-preview:-1\" \/>\n<link rel=\"canonical\" href=\"https:\/\/latinpcs.org\/es\/about\/latin-team\/\" \/>\n<meta property=\"og:locale\" content=\"es_MX\" \/>\n<meta property=\"og:type\" content=\"article\" \/>\n<meta property=\"og:title\" content=\"The Latin Team - Washington Latin Public Charter Schools\" \/>\n<meta property=\"og:description\" content=\"Latin Leadership Peter Anderson Head of Schools &amp; Chief Executive Officer Peter Anderson brings more than 30 years of experience in education as a teacher, administrator and school leader. He &hellip;\" \/>\n<meta property=\"og:url\" content=\"https:\/\/latinpcs.org\/es\/about\/latin-team\/\" \/>\n<meta property=\"og:site_name\" content=\"Washington Latin Public Charter Schools\" \/>\n<meta property=\"article:publisher\" content=\"https:\/\/www.facebook.com\/WashingtonLatinPCS\/\" \/>\n<meta property=\"article:modified_time\" content=\"2026-03-18T22:17:29+00:00\" \/>\n<meta property=\"og:image\" content=\"https:\/\/latinpcs.org\/wp-content\/uploads\/2025\/07\/peter-anderson.jpg\" \/>\n\t<meta property=\"og:image:width\" content=\"600\" \/>\n\t<meta property=\"og:image:height\" content=\"600\" \/>\n\t<meta property=\"og:image:type\" content=\"image\/jpeg\" \/>\n<meta name=\"twitter:card\" content=\"summary_large_image\" \/>\n<meta name=\"twitter:label1\" content=\"Est. reading time\" \/>\n\t<meta name=\"twitter:data1\" content=\"6 minutos\" \/>\n<script type=\"application\/ld+json\" class=\"yoast-schema-graph\">{\"@context\":\"https:\/\/schema.org\",\"@graph\":[{\"@type\":\"WebPage\",\"@id\":\"https:\/\/latinpcs.org\/about\/latin-team\/\",\"url\":\"https:\/\/latinpcs.org\/about\/latin-team\/\",\"name\":\"The Latin Team - Washington Latin Public Charter Schools\",\"isPartOf\":{\"@id\":\"https:\/\/latinpcs.org\/#website\"},\"primaryImageOfPage\":{\"@id\":\"https:\/\/latinpcs.org\/about\/latin-team\/#primaryimage\"},\"image\":{\"@id\":\"https:\/\/latinpcs.org\/about\/latin-team\/#primaryimage\"},\"thumbnailUrl\":\"https:\/\/latinpcs.org\/wp-content\/uploads\/2025\/07\/peter-anderson.jpg\",\"datePublished\":\"2025-06-27T19:49:03+00:00\",\"dateModified\":\"2026-03-18T22:17:29+00:00\",\"breadcrumb\":{\"@id\":\"https:\/\/latinpcs.org\/about\/latin-team\/#breadcrumb\"},\"inLanguage\":\"es\",\"potentialAction\":[{\"@type\":\"ReadAction\",\"target\":[\"https:\/\/latinpcs.org\/about\/latin-team\/\"]}]},{\"@type\":\"ImageObject\",\"inLanguage\":\"es\",\"@id\":\"https:\/\/latinpcs.org\/about\/latin-team\/#primaryimage\",\"url\":\"https:\/\/latinpcs.org\/wp-content\/uploads\/2025\/07\/peter-anderson.jpg\",\"contentUrl\":\"https:\/\/latinpcs.org\/wp-content\/uploads\/2025\/07\/peter-anderson.jpg\"},{\"@type\":\"BreadcrumbList\",\"@id\":\"https:\/\/latinpcs.org\/about\/latin-team\/#breadcrumb\",\"itemListElement\":[{\"@type\":\"ListItem\",\"position\":1,\"name\":\"Home\",\"item\":\"https:\/\/latinpcs.org\/\"},{\"@type\":\"ListItem\",\"position\":2,\"name\":\"About\",\"item\":\"https:\/\/latinpcs.org\/about\/\"},{\"@type\":\"ListItem\",\"position\":3,\"name\":\"The Latin Team\"}]},{\"@type\":\"WebSite\",\"@id\":\"https:\/\/latinpcs.org\/#website\",\"url\":\"https:\/\/latinpcs.org\/\",\"name\":\"Washington Latin Public Charter Schools\",\"description\":\"Washington Latin Public Charter Schools, based in Washington, DC, offers a classical education for the modern world for students in grades 5-12 across two campuses.\",\"publisher\":{\"@id\":\"https:\/\/latinpcs.org\/#organization\"},\"potentialAction\":[{\"@type\":\"SearchAction\",\"target\":{\"@type\":\"EntryPoint\",\"urlTemplate\":\"https:\/\/latinpcs.org\/?s={search_term_string}\"},\"query-input\":{\"@type\":\"PropertyValueSpecification\",\"valueRequired\":true,\"valueName\":\"search_term_string\"}}],\"inLanguage\":\"es\"},{\"@type\":\"Organization\",\"@id\":\"https:\/\/latinpcs.org\/#organization\",\"name\":\"Washington Latin Public Charter Schools\",\"url\":\"https:\/\/latinpcs.org\/\",\"logo\":{\"@type\":\"ImageObject\",\"inLanguage\":\"es\",\"@id\":\"https:\/\/latinpcs.org\/#\/schema\/logo\/image\/\",\"url\":\"https:\/\/latinpcs.org\/wp-content\/uploads\/2025\/07\/Latin_logo_nknm_4c.svg\",\"contentUrl\":\"https:\/\/latinpcs.org\/wp-content\/uploads\/2025\/07\/Latin_logo_nknm_4c.svg\",\"width\":1,\"height\":1,\"caption\":\"Washington Latin Public Charter Schools\"},\"image\":{\"@id\":\"https:\/\/latinpcs.org\/#\/schema\/logo\/image\/\"},\"sameAs\":[\"https:\/\/www.facebook.com\/WashingtonLatinPCS\/\",\"https:\/\/www.instagram.com\/washingtonlatinpcs\/?hl=en\",\"https:\/\/www.linkedin.com\/school\/washington-latin-public-charter-schools\/\"]}]}<\/script>\n<!-- \/ Yoast SEO plugin. -->","yoast_head_json":{"title":"El equipo latino - Washington Latin Public Charter Schools","robots":{"index":"index","follow":"follow","max-snippet":"max-snippet:-1","max-image-preview":"max-image-preview:large","max-video-preview":"max-video-preview:-1"},"canonical":"https:\/\/latinpcs.org\/es\/about\/latin-team\/","og_locale":"es_MX","og_type":"article","og_title":"The Latin Team - Washington Latin Public Charter Schools","og_description":"Latin Leadership Peter Anderson Head of Schools &amp; Chief Executive Officer Peter Anderson brings more than 30 years of experience in education as a teacher, administrator and school leader. He &hellip;","og_url":"https:\/\/latinpcs.org\/es\/about\/latin-team\/","og_site_name":"Washington Latin Public Charter Schools","article_publisher":"https:\/\/www.facebook.com\/WashingtonLatinPCS\/","article_modified_time":"2026-03-18T22:17:29+00:00","og_image":[{"width":600,"height":600,"url":"https:\/\/latinpcs.org\/wp-content\/uploads\/2025\/07\/peter-anderson.jpg","type":"image\/jpeg"}],"twitter_card":"summary_large_image","twitter_misc":{"Est. reading time":"6 minutos"},"schema":{"@context":"https:\/\/schema.org","@graph":[{"@type":"WebPage","@id":"https:\/\/latinpcs.org\/about\/latin-team\/","url":"https:\/\/latinpcs.org\/about\/latin-team\/","name":"El equipo latino - Washington Latin Public Charter Schools","isPartOf":{"@id":"https:\/\/latinpcs.org\/#website"},"primaryImageOfPage":{"@id":"https:\/\/latinpcs.org\/about\/latin-team\/#primaryimage"},"image":{"@id":"https:\/\/latinpcs.org\/about\/latin-team\/#primaryimage"},"thumbnailUrl":"https:\/\/latinpcs.org\/wp-content\/uploads\/2025\/07\/peter-anderson.jpg","datePublished":"2025-06-27T19:49:03+00:00","dateModified":"2026-03-18T22:17:29+00:00","breadcrumb":{"@id":"https:\/\/latinpcs.org\/about\/latin-team\/#breadcrumb"},"inLanguage":"es","potentialAction":[{"@type":"ReadAction","target":["https:\/\/latinpcs.org\/about\/latin-team\/"]}]},{"@type":"ImageObject","inLanguage":"es","@id":"https:\/\/latinpcs.org\/about\/latin-team\/#primaryimage","url":"https:\/\/latinpcs.org\/wp-content\/uploads\/2025\/07\/peter-anderson.jpg","contentUrl":"https:\/\/latinpcs.org\/wp-content\/uploads\/2025\/07\/peter-anderson.jpg"},{"@type":"BreadcrumbList","@id":"https:\/\/latinpcs.org\/about\/latin-team\/#breadcrumb","itemListElement":[{"@type":"ListItem","position":1,"name":"Home","item":"https:\/\/latinpcs.org\/"},{"@type":"ListItem","position":2,"name":"About","item":"https:\/\/latinpcs.org\/about\/"},{"@type":"ListItem","position":3,"name":"The Latin Team"}]},{"@type":"WebSite","@id":"https:\/\/latinpcs.org\/#website","url":"https:\/\/latinpcs.org\/","name":"Escuelas p\u00fablicas ch\u00e1rter latinas de Washington","description":"Washington Latin Public Charter Schools, con sede en Washington, DC, ofrece una educaci\u00f3n cl\u00e1sica para el mundo moderno para estudiantes de 5.\u00ba a 12.\u00ba grado en dos campus.","publisher":{"@id":"https:\/\/latinpcs.org\/#organization"},"potentialAction":[{"@type":"SearchAction","target":{"@type":"EntryPoint","urlTemplate":"https:\/\/latinpcs.org\/?s={search_term_string}"},"query-input":{"@type":"PropertyValueSpecification","valueRequired":true,"valueName":"search_term_string"}}],"inLanguage":"es"},{"@type":"Organization","@id":"https:\/\/latinpcs.org\/#organization","name":"Escuelas p\u00fablicas ch\u00e1rter latinas de Washington","url":"https:\/\/latinpcs.org\/","logo":{"@type":"ImageObject","inLanguage":"es","@id":"https:\/\/latinpcs.org\/#\/schema\/logo\/image\/","url":"https:\/\/latinpcs.org\/wp-content\/uploads\/2025\/07\/Latin_logo_nknm_4c.svg","contentUrl":"https:\/\/latinpcs.org\/wp-content\/uploads\/2025\/07\/Latin_logo_nknm_4c.svg","width":1,"height":1,"caption":"Washington Latin Public Charter Schools"},"image":{"@id":"https:\/\/latinpcs.org\/#\/schema\/logo\/image\/"},"sameAs":["https:\/\/www.facebook.com\/WashingtonLatinPCS\/","https:\/\/www.instagram.com\/washingtonlatinpcs\/?hl=en","https:\/\/www.linkedin.com\/school\/washington-latin-public-charter-schools\/"]}]}},"_links":{"self":[{"href":"https:\/\/latinpcs.org\/es\/wp-json\/wp\/v2\/pages\/81","targetHints":{"allow":["GET"]}}],"collection":[{"href":"https:\/\/latinpcs.org\/es\/wp-json\/wp\/v2\/pages"}],"about":[{"href":"https:\/\/latinpcs.org\/es\/wp-json\/wp\/v2\/types\/page"}],"author":[{"embeddable":true,"href":"https:\/\/latinpcs.org\/es\/wp-json\/wp\/v2\/users\/1"}],"replies":[{"embeddable":true,"href":"https:\/\/latinpcs.org\/es\/wp-json\/wp\/v2\/comments?post=81"}],"version-history":[{"count":0,"href":"https:\/\/latinpcs.org\/es\/wp-json\/wp\/v2\/pages\/81\/revisions"}],"up":[{"embeddable":true,"href":"https:\/\/latinpcs.org\/es\/wp-json\/wp\/v2\/pages\/8"}],"wp:attachment":[{"href":"https:\/\/latinpcs.org\/es\/wp-json\/wp\/v2\/media?parent=81"}],"curies":[{"name":"gracias","href":"https:\/\/api.w.org\/{rel}","templated":true}]}}